{"id":1131,"date":"2024-01-17T15:50:55","date_gmt":"2024-01-17T14:50:55","guid":{"rendered":"https:\/\/educaedtech.com\/?page_id=1131"},"modified":"2024-01-30T12:50:12","modified_gmt":"2024-01-30T11:50:12","slug":"politica-de-gestion-del-canal-de-denuncias","status":"publish","type":"page","link":"https:\/\/educaedtech.com\/de\/politik-zur-verwaltung-von-beschwerdekanalen\/","title":{"rendered":"Kanal f\u00fcr Reklamationen"},"content":{"rendered":"<div data-elementor-type=\"wp-page\" data-elementor-id=\"1131\" class=\"elementor elementor-1131\" data-elementor-post-type=\"page\">\n\t\t\t\t<div class=\"elementor-element elementor-element-d44dacc e-con-full e-flex e-con e-parent\" data-id=\"d44dacc\" data-element_type=\"container\" data-settings=\"{&quot;background_background&quot;:&quot;classic&quot;}\">\n\t\t\t\t<\/div>\n\t\t<div class=\"elementor-element elementor-element-9b64522 e-flex e-con-boxed e-con e-parent\" data-id=\"9b64522\" data-element_type=\"container\">\n\t\t\t\t\t<div class=\"e-con-inner\">\n\t\t\t\t<div class=\"elementor-element elementor-element-92155c0 elementor-widget elementor-widget-heading\" data-id=\"92155c0\" data-element_type=\"widget\" data-widget_type=\"heading.default\">\n\t\t\t\t<div class=\"elementor-widget-container\">\n\t\t\t<h1 class=\"elementor-heading-title elementor-size-default\"> Kanal f\u00fcr Reklamationen<\/h1>\t\t<\/div>\n\t\t\t\t<\/div>\n\t\t\t\t<div class=\"elementor-element elementor-element-6d74c8c elementor-widget elementor-widget-text-editor\" data-id=\"6d74c8c\" data-element_type=\"widget\" data-widget_type=\"text-editor.default\">\n\t\t\t\t<div class=\"elementor-widget-container\">\n\t\t\t\t\t\t\t<p data-renderer-start-pos=\"85\">Unter <strong data-renderer-mark=\"true\">EDUCA EDTECH-Gruppe<\/strong> Deshalb stellen wir dieses System zur Verf\u00fcgung, um auf m\u00f6gliche Probleme oder unethische oder illegale Verhaltensweisen aufmerksam zu machen, die sich auf Mitarbeiter, Kunden, Lieferanten und alle Interessengruppen des Unternehmens auswirken k\u00f6nnen.<\/p><p data-renderer-start-pos=\"454\">\u00dcber diesen Kanal k\u00f6nnen alle mutma\u00dflichen Unregelm\u00e4\u00dfigkeiten, Handlungen, die gegen das Gesetz oder interne Vorschriften versto\u00dfen, einschlie\u00dflich aller Unregelm\u00e4\u00dfigkeiten im Zusammenhang mit Rechnungslegungsfragen, Pr\u00fcfungsfragen und\/oder Aspekten der internen Kontrolle der Finanzberichterstattung erfasst werden.<\/p><p data-renderer-start-pos=\"779\">Sie alle werden mit einem H\u00f6chstma\u00df an Vertraulichkeit, Privatsph\u00e4re und Sicherheit behandelt, wobei sogar die M\u00f6glichkeit besteht, sie anonym zu registrieren.<\/p><p data-renderer-start-pos=\"920\"><em data-renderer-mark=\"true\">Wir weisen Sie darauf hin, dass dieser Beschwerdekanal keine Anfragen oder Beschwerden kommerzieller Natur bearbeitet. Zu diesem Zweck stehen die entsprechenden Telefonnummern und Kundendienst-Tools zur Verf\u00fcgung.<\/em><\/p><p data-renderer-start-pos=\"1137\">Nachstehend finden Sie die <strong data-renderer-mark=\"true\">Richtlinie f\u00fcr das Beschwerdemanagement<\/strong> wenn die Grunds\u00e4tze der Vertraulichkeit der \u00fcbermittelten Daten, des Respekts, des Nachweises und der Vollst\u00e4ndigkeit gelten.<\/p>\t\t\t\t\t\t<\/div>\n\t\t\t\t<\/div>\n\t\t\t\t<div class=\"elementor-element elementor-element-98a4d4c elementor-widget elementor-widget-accordion\" data-id=\"98a4d4c\" data-element_type=\"widget\" data-widget_type=\"accordion.default\">\n\t\t\t\t<div class=\"elementor-widget-container\">\n\t\t\t\t\t<div class=\"elementor-accordion\">\n\t\t\t\t\t\t\t<div class=\"elementor-accordion-item\">\n\t\t\t\t\t<h2 id=\"elementor-tab-title-1601\" class=\"elementor-tab-title\" data-tab=\"1\" role=\"button\" aria-controls=\"elementor-tab-content-1601\" aria-expanded=\"false\">\n\t\t\t\t\t\t\t\t\t\t\t\t\t<span class=\"elementor-accordion-icon elementor-accordion-icon-left\" aria-hidden=\"true\">\n\t\t\t\t\t\t\t\t\t\t\t\t\t\t\t<span class=\"elementor-accordion-icon-closed\"><svg class=\"e-font-icon-svg e-fas-angle-down\" viewbox=\"0 0 320 512\" xmlns=\"http:\/\/www.w3.org\/2000\/svg\"><path d=\"M143 352.3L7 216.3c-9.4-9.4-9.4-24.6 0-33.9l22.6-22.6c9.4-9.4 24.6-9.4 33.9 0l96.4 96.4 96.4-96.4c9.4-9.4 24.6-9.4 33.9 0l22.6 22.6c9.4 9.4 9.4 24.6 0 33.9l-136 136c-9.2 9.4-24.4 9.4-33.8 0z\"><\/path><\/svg><\/span>\n\t\t\t\t\t\t\t\t<span class=\"elementor-accordion-icon-opened\"><svg class=\"e-font-icon-svg e-fas-minus\" viewbox=\"0 0 448 512\" xmlns=\"http:\/\/www.w3.org\/2000\/svg\"><path d=\"M416 208H32c-17.67 0-32 14.33-32 32v32c0 17.67 14.33 32 32 32h384c17.67 0 32-14.33 32-32v-32c0-17.67-14.33-32-32-32z\"><\/path><\/svg><\/span>\n\t\t\t\t\t\t\t\t\t\t\t\t\t\t<\/span>\n\t\t\t\t\t\t\t\t\t\t\t\t<a class=\"elementor-accordion-title\" tabindex=\"0\">Einleitung und Zweck<\/a>\n\t\t\t\t\t<\/h2>\n\t\t\t\t\t<div id=\"elementor-tab-content-1601\" class=\"elementor-tab-content elementor-clearfix\" data-tab=\"1\" role=\"region\" aria-labelledby=\"elementor-tab-title-1601\"><p>Jede Person, die bei der EDUCA EDTECH Group arbeitet, muss sich bei ihrer t\u00e4glichen Arbeit integer verhalten und die Gesetze und internen Regeln einhalten. Sie ist au\u00dferdem zur Zusammenarbeit verpflichtet, um zu verhindern, dass jemand unangemessen oder nicht integer handelt.<\/p><p>Daher ist es die Pflicht aller Mitarbeiter, F\u00fchrungskr\u00e4fte und Direktoren der EDUCA EDTECH Gruppe, alle vermuteten Unregelm\u00e4\u00dfigkeiten oder Handlungen, die gegen das Gesetz oder die internen Vorschriften versto\u00dfen, von denen sie Kenntnis haben, zu melden. Nur so kann jeder Verdacht oder jeder Zweifel an einer Unregelm\u00e4\u00dfigkeit \u00fcberpr\u00fcft werden, und es k\u00f6nnen gegebenenfalls geeignete Ma\u00dfnahmen ergriffen werden, um die Folgen zu beseitigen und eine Wiederholung der Unregelm\u00e4\u00dfigkeit in Zukunft zu verhindern und so das berufliche, soziale und ethische Engagement der EDUCA EDTECH Gruppe f\u00fcr die Einhaltung der Gesetze und Vorschriften zu verbessern.<\/p><p>Gem\u00e4\u00df dem Gesetz 2\/2023 vom 20. Februar \u00fcber den Schutz von Personen, die Verst\u00f6\u00dfe gegen Rechtsvorschriften melden, und die Korruptionsbek\u00e4mpfung sind privatwirtschaftliche Unternehmen mit f\u00fcnfzig oder mehr Besch\u00e4ftigten verpflichtet, einen speziellen Kanal f\u00fcr die Entgegennahme und Bearbeitung von Beschwerden einzurichten. Zu diesem Zweck ist der Verwaltungsrat am 28. Juni 2023 zusammengetreten.<\/p><p>Das Unternehmen beabsichtigt, die Verwaltungsvorschriften der Kan\u00e4le in einem einzigen Whistleblower-Kanal der EDUCA EDTECH-Gruppe zu vereinheitlichen, \u00fcber den Mitarbeiter, Manager, Direktoren und andere Stakeholder der EDUCA EDTECH-Gruppe alle ihnen bekannten Informationen \u00fcber m\u00f6gliche Unregelm\u00e4\u00dfigkeiten, gesetzeswidrige Handlungen oder interne Vorschriften auf jede Art und Weise - formell oder nicht - mitteilen k\u00f6nnen.<\/p><p>Ebenso k\u00f6nnen die Mitarbeiter potenziell regelwidriges Verhalten ihrem Vorgesetzten melden, der den Systemmanager des Unternehmens, in dem sie ihre Dienste erbringen, informiert, oder direkt dem Systemmanager der Gruppe, der die entsprechenden Informationen so schnell wie m\u00f6glich an den Whistleblowing-Kanal weiterleitet und so der oben genannten Kommunikationspflicht nachkommt.<\/p><p>Die Verwaltung des Beschwerdekanals unterliegt den Grunds\u00e4tzen der Vertraulichkeit der \u00fcbermittelten Daten und der abgegebenen Erkl\u00e4rungen, des Respekts und der Grundlage, so dass jede nach Erhalt getroffene Entscheidung unter Ber\u00fccksichtigung der Umst\u00e4nde des gemeldeten Sachverhalts in begr\u00fcndeter und verh\u00e4ltnism\u00e4\u00dfiger Weise getroffen wird, wobei die Rechte und geb\u00fchrenden Garantien f\u00fcr den Beschwerdef\u00fchrer und die gegebenenfalls betroffenen Personen stets in vollem Umfang gewahrt bleiben.<\/p><p>Der Kanal garantiert insbesondere die Vertraulichkeit der Identit\u00e4t von Beschwerdef\u00fchrern und betroffenen Personen sowie die Vertraulichkeit der Kommunikation. Ebenso wird allen betroffenen Personen die Unschuldsvermutung garantiert. Alle Hinweisgeber genie\u00dfen angemessenen Schutz, und jede Ma\u00dfnahme gegen sie, die als Bedrohung, Diskriminierung oder Repressalie verstanden werden k\u00f6nnte, wird geahndet.<\/p><p>Die Meldung \u00fcber den Whistleblowing-Kanal kann anonym oder nicht anonym erfolgen. Es ist ratsam, eine vollst\u00e4ndige Beschreibung des gemeldeten Ereignisses zu geben, die angeblich betroffenen oder beteiligten Personen - falls vorhanden - zu identifizieren und spezifische Daten, Daten, Unternehmen oder Dritte in Bezug auf das beschriebene Ereignis oder die beschriebene Aktion anzugeben; all dies, um gegebenenfalls die sp\u00e4tere \u00dcberpr\u00fcfung der Fakten zu erleichtern, die Gegenstand der Meldung sind.<\/p><p>Anschuldigungen, die in b\u00f6ser Absicht und in dem Wissen, dass sie falsch sind, erhoben werden, werden gem\u00e4\u00df den Bestimmungen der Unternehmenspolitik zum umfassenden Disziplinarprogramm disziplinarisch geahndet.<\/p><\/div>\n\t\t\t\t<\/div>\n\t\t\t\t\t\t\t<div class=\"elementor-accordion-item\">\n\t\t\t\t\t<h2 id=\"elementor-tab-title-1602\" class=\"elementor-tab-title\" data-tab=\"2\" role=\"button\" aria-controls=\"elementor-tab-content-1602\" aria-expanded=\"false\">\n\t\t\t\t\t\t\t\t\t\t\t\t\t<span class=\"elementor-accordion-icon elementor-accordion-icon-left\" aria-hidden=\"true\">\n\t\t\t\t\t\t\t\t\t\t\t\t\t\t\t<span class=\"elementor-accordion-icon-closed\"><svg class=\"e-font-icon-svg e-fas-angle-down\" viewbox=\"0 0 320 512\" xmlns=\"http:\/\/www.w3.org\/2000\/svg\"><path d=\"M143 352.3L7 216.3c-9.4-9.4-9.4-24.6 0-33.9l22.6-22.6c9.4-9.4 24.6-9.4 33.9 0l96.4 96.4 96.4-96.4c9.4-9.4 24.6-9.4 33.9 0l22.6 22.6c9.4 9.4 9.4 24.6 0 33.9l-136 136c-9.2 9.4-24.4 9.4-33.8 0z\"><\/path><\/svg><\/span>\n\t\t\t\t\t\t\t\t<span class=\"elementor-accordion-icon-opened\"><svg class=\"e-font-icon-svg e-fas-minus\" viewbox=\"0 0 448 512\" xmlns=\"http:\/\/www.w3.org\/2000\/svg\"><path d=\"M416 208H32c-17.67 0-32 14.33-32 32v32c0 17.67 14.33 32 32 32h384c17.67 0 32-14.33 32-32v-32c0-17.67-14.33-32-32-32z\"><\/path><\/svg><\/span>\n\t\t\t\t\t\t\t\t\t\t\t\t\t\t<\/span>\n\t\t\t\t\t\t\t\t\t\t\t\t<a class=\"elementor-accordion-title\" tabindex=\"0\">2. der Anwendungsbereich und die allgemeinen Bestimmungen <\/a>\n\t\t\t\t\t<\/h2>\n\t\t\t\t\t<div id=\"elementor-tab-content-1602\" class=\"elementor-tab-content elementor-clearfix\" data-tab=\"2\" role=\"region\" aria-labelledby=\"elementor-tab-title-1602\"><p>Diese Politik gilt f\u00fcr alle Unternehmen, die die EDUCA EDTECH Gruppe bilden, wie in Art. 11 dieses Gesetzes festgelegt, wobei die Muttergesellschaft eine allgemeine Politik in Bezug auf das interne Informationssystem genehmigen kann, die f\u00fcr alle Unternehmen der Gruppe gilt, ohne die Autonomie und Unabh\u00e4ngigkeit der einzelnen Unternehmen zu beeintr\u00e4chtigen.\u00a0<\/p><p>F\u00fcr diese Zwecke umfasst die EDUCA EDTECH Gruppe alle Unternehmen, die ihre Unternehmensgruppe bilden, sowie die Unternehmen, die zwar derzeit nicht zu der genannten Gruppe geh\u00f6ren, aber direkt oder indirekt zu ihr geh\u00f6ren k\u00f6nnen.<\/p><p>In dieser Hinsicht muss der Systemverantwortliche ein leitender Angestellter des Unternehmens sein, wobei es einen f\u00fcr die gesamte Gruppe geben kann, und er muss seine Aufgaben unabh\u00e4ngig und autonom von den \u00fcbrigen Organen des Unternehmens erf\u00fcllen, ohne bei ihrer Aus\u00fcbung irgendwelche Anweisungen zu erhalten, und er muss \u00fcber alle erforderlichen pers\u00f6nlichen und materiellen Mittel verf\u00fcgen, um sie zu erf\u00fcllen. Systembeauftragte k\u00f6nnen wiederum in jedem Unternehmen der Gruppe eingesetzt werden.\u00a0<\/p><p>Zu den Aufgaben des Verwaltungsrats der EDUCA EDTECH Gruppe geh\u00f6rt es, die Grundlage f\u00fcr eine angemessene und effiziente Koordinierung zwischen der Gesellschaft und den anderen Gesellschaften der EDUCA EDTECH Gruppe, sowohl in Spanien als auch im Ausland, zu schaffen und in jedem Fall die Entscheidungsautonomie der Leitungsorgane und der Direktoren jeder Gesellschaft zu respektieren, in \u00dcbereinstimmung mit dem Unternehmensinteresse der Gesellschaft und jeder der Gesellschaften, die die Gruppe bilden.<\/p><p>Daher ist der Verwaltungsrat der EDUCA EDTECH Gruppe f\u00fcr die Genehmigung dieser Politik verantwortlich und erf\u00fcllt damit seine Aufgabe, die Grundlagen zu schaffen, die Instrumente festzulegen und die notwendigen Mechanismen f\u00fcr eine angemessene und effiziente Koordinierung der Aktivit\u00e4ten im Zusammenhang mit dem Beschwerdemanagement zu konzipieren, unbeschadet der autonomen Entscheidungen, die f\u00fcr jedes Unternehmen der Gruppe und die Besonderheiten seiner Gesch\u00e4ftst\u00e4tigkeit gelten.<\/p><p>Der Systemmanager erstattet regelm\u00e4\u00dfig Bericht \u00fcber die Aktivit\u00e4ten im Zusammenhang mit dem Whistleblowing-Kanal. In diesem Zusammenhang erh\u00e4lt er regelm\u00e4\u00dfig Informationen \u00fcber alle einschl\u00e4gigen Meldungen, die bei der Gruppe eingehen.<\/p><p>Der f\u00fcr das jeweilige Unternehmen zust\u00e4ndige Bereich ist f\u00fcr die Registrierung und \u00dcbermittlung der im Unternehmen eingegangenen Meldungen zust\u00e4ndig und leitet sie an den allgemeinen Whistleblowing-Kanal der Gruppe weiter. Sobald die Beschwerden als solche erkannt wurden, \u00fcberpr\u00fcft der Systemmanager die gemeldeten Fakten. Nach Abschluss dieser \u00dcberpr\u00fcfung wird die Akte an die betroffenen Bereiche weitergeleitet, damit diese die entsprechenden Ma\u00dfnahmen ergreifen k\u00f6nnen.<\/p><p>Der Systemmanager stellt jederzeit sicher, dass der Bereich \"Compliance\", der alle Berichte erh\u00e4lt, die als Ergebnis der \u00dcberpr\u00fcfung der gemeldeten Vorf\u00e4lle erstellt werden, einen m\u00f6glichst umfassenden Zugang zum Inhalt des Whistleblowing-Kanals erh\u00e4lt. Die von den gemeldeten Sachverhalten betroffenen Bereiche beteiligen sich an der Ausarbeitung und Weiterverfolgung der Aktionspl\u00e4ne.<\/p><p>In diesem Zusammenhang und zur Abmilderung der Folgen eines m\u00f6glichen Versto\u00dfes kann der Compliance-Bereich in Aus\u00fcbung seiner Abhilfefunktion verlangen, in die Ausarbeitung und \u00dcberwachung der entsprechenden Aktionspl\u00e4ne einbezogen zu werden, wenn der gemeldete Sachverhalt Auswirkungen auf die Compliance-Aspekte hat. Ebenso ist er \u00fcber die Entwicklung der Analyse des gemeldeten Sachverhalts zu informieren.<\/p><p>\u00a0<\/p><\/div>\n\t\t\t\t<\/div>\n\t\t\t\t\t\t\t<div class=\"elementor-accordion-item\">\n\t\t\t\t\t<h2 id=\"elementor-tab-title-1603\" class=\"elementor-tab-title\" data-tab=\"3\" role=\"button\" aria-controls=\"elementor-tab-content-1603\" aria-expanded=\"false\">\n\t\t\t\t\t\t\t\t\t\t\t\t\t<span class=\"elementor-accordion-icon elementor-accordion-icon-left\" aria-hidden=\"true\">\n\t\t\t\t\t\t\t\t\t\t\t\t\t\t\t<span class=\"elementor-accordion-icon-closed\"><svg class=\"e-font-icon-svg e-fas-angle-down\" viewbox=\"0 0 320 512\" xmlns=\"http:\/\/www.w3.org\/2000\/svg\"><path d=\"M143 352.3L7 216.3c-9.4-9.4-9.4-24.6 0-33.9l22.6-22.6c9.4-9.4 24.6-9.4 33.9 0l96.4 96.4 96.4-96.4c9.4-9.4 24.6-9.4 33.9 0l22.6 22.6c9.4 9.4 9.4 24.6 0 33.9l-136 136c-9.2 9.4-24.4 9.4-33.8 0z\"><\/path><\/svg><\/span>\n\t\t\t\t\t\t\t\t<span class=\"elementor-accordion-icon-opened\"><svg class=\"e-font-icon-svg e-fas-minus\" viewbox=\"0 0 448 512\" xmlns=\"http:\/\/www.w3.org\/2000\/svg\"><path d=\"M416 208H32c-17.67 0-32 14.33-32 32v32c0 17.67 14.33 32 32 32h384c17.67 0 32-14.33 32-32v-32c0-17.67-14.33-32-32-32z\"><\/path><\/svg><\/span>\n\t\t\t\t\t\t\t\t\t\t\t\t\t\t<\/span>\n\t\t\t\t\t\t\t\t\t\t\t\t<a class=\"elementor-accordion-title\" tabindex=\"0\">Schutz von personenbezogenen Daten <\/a>\n\t\t\t\t\t<\/h2>\n\t\t\t\t\t<div id=\"elementor-tab-content-1603\" class=\"elementor-tab-content elementor-clearfix\" data-tab=\"3\" role=\"region\" aria-labelledby=\"elementor-tab-title-1603\"><p>Bei der Verwaltung des Whistleblowing-Kanals sind die f\u00fcr die verschiedenen Unternehmen der Gruppe geltenden gesetzlichen Bestimmungen zum Schutz personenbezogener Daten einzuhalten. Dabei sind insbesondere die folgenden Aspekte zu ber\u00fccksichtigen:<\/p><ul><li>Alle Unternehmen m\u00fcssen die Sicherheitsma\u00dfnahmen f\u00fcr personenbezogene Daten umsetzen, die je nach dem f\u00fcr den Whistle-Blowing-Kanal festgelegten Risikoniveau anwendbar sind, bzw. die Ma\u00dfnahmen, die aufgrund der geltenden gesetzlichen Bestimmungen und der internen Regelungen zu diesem Aspekt der Gruppe zwingend vorgeschrieben sind. Das Sicherheitsniveau muss mindestens demjenigen entsprechen, das im Rahmen des Systems zur Einhaltung der Datenschutzbestimmungen f\u00fcr sensible Daten oder Daten besonderer Kategorien gem\u00e4\u00df den geltenden Datenschutzvorschriften vorgesehen ist.<\/li><li>In Anbetracht der Tatsache, dass die EDUCA EDTECH Gruppe die Verwaltungseinheit der Plattform ist, auf der der Beschwerdekanal betrieben wird, muss eine Vereinbarung formalisiert werden, die die Rechte und Pflichten der Parteien (EDUCA EDTECH und die Unternehmen der Gruppe) festlegt, insbesondere die des Datenschutzes.<\/li><li>Eine angemessene Einhaltung der Verarbeitung personenbezogener Daten muss gew\u00e4hrleistet sein, insbesondere im Hinblick auf das Recht der Inhaber dieser Daten, \u00fcber deren Verarbeitung informiert zu werden. Alle oben genannten Punkte in \u00dcbereinstimmung mit den geltenden Rechtsvorschriften in jedem Land.<\/li><\/ul><\/div>\n\t\t\t\t<\/div>\n\t\t\t\t\t\t\t<div class=\"elementor-accordion-item\">\n\t\t\t\t\t<h2 id=\"elementor-tab-title-1604\" class=\"elementor-tab-title\" data-tab=\"4\" role=\"button\" aria-controls=\"elementor-tab-content-1604\" aria-expanded=\"false\">\n\t\t\t\t\t\t\t\t\t\t\t\t\t<span class=\"elementor-accordion-icon elementor-accordion-icon-left\" aria-hidden=\"true\">\n\t\t\t\t\t\t\t\t\t\t\t\t\t\t\t<span class=\"elementor-accordion-icon-closed\"><svg class=\"e-font-icon-svg e-fas-angle-down\" viewbox=\"0 0 320 512\" xmlns=\"http:\/\/www.w3.org\/2000\/svg\"><path d=\"M143 352.3L7 216.3c-9.4-9.4-9.4-24.6 0-33.9l22.6-22.6c9.4-9.4 24.6-9.4 33.9 0l96.4 96.4 96.4-96.4c9.4-9.4 24.6-9.4 33.9 0l22.6 22.6c9.4 9.4 9.4 24.6 0 33.9l-136 136c-9.2 9.4-24.4 9.4-33.8 0z\"><\/path><\/svg><\/span>\n\t\t\t\t\t\t\t\t<span class=\"elementor-accordion-icon-opened\"><svg class=\"e-font-icon-svg e-fas-minus\" viewbox=\"0 0 448 512\" xmlns=\"http:\/\/www.w3.org\/2000\/svg\"><path d=\"M416 208H32c-17.67 0-32 14.33-32 32v32c0 17.67 14.33 32 32 32h384c17.67 0 32-14.33 32-32v-32c0-17.67-14.33-32-32-32z\"><\/path><\/svg><\/span>\n\t\t\t\t\t\t\t\t\t\t\t\t\t\t<\/span>\n\t\t\t\t\t\t\t\t\t\t\t\t<a class=\"elementor-accordion-title\" tabindex=\"0\">4. die Operationalisierung des Whistleblowing-Kanals <\/a>\n\t\t\t\t\t<\/h2>\n\t\t\t\t\t<div id=\"elementor-tab-content-1604\" class=\"elementor-tab-content elementor-clearfix\" data-tab=\"4\" role=\"region\" aria-labelledby=\"elementor-tab-title-1604\"><p><a name=\"_Toc26364\"><\/a>4.1 Zugang zum Kanal und Betrieb des Kanals<\/p><p>Der Beschwerdekanal wird \u00fcber die folgende Website zug\u00e4nglich sein:\u00a0<\/p><ul><li>Die <strong>Website<\/strong> der EDUCA EDTECH GROUP.<\/li><li><strong>Eine Rufnummer<\/strong>. In einem solchen Fall wird die Beschwerde aufgezeichnet und gem\u00e4\u00df den gesetzlichen Bestimmungen als Tonaufnahme gespeichert.<\/li><li>Adressen von <strong>E-Mail<\/strong> spezifisch f\u00fcr den Beschwerdekanal, wie festgelegt.<\/li><\/ul><p>Beschwerden oder Klagen k\u00f6nnen auch schriftlich an den Systemmanager oder seine Vertreter in den Unternehmen gerichtet werden.<\/p><p>Der Whistleblower-Kanal ist ein einziger Kanal f\u00fcr alle Unternehmen der Gruppe, obwohl die Systemmanager der einzelnen Unternehmen Beschwerden entgegennehmen und an den Systemmanager der Gruppe weiterleiten k\u00f6nnen. Whistleblower, die anonym bleiben m\u00f6chten, k\u00f6nnen dies mit den in dieser Richtlinie festgelegten ausreichenden Garantien tun.\u00a0<\/p><p>Jede Ma\u00dfnahme, die darauf abzielt, einen Mitarbeiter daran zu hindern, eine Mitteilung \u00fcber den Whistleblowing-Kanal zu machen, wird gem\u00e4\u00df den geltenden Arbeits- und Disziplinarvorschriften geahndet.<\/p><p>Die T\u00e4tigkeiten zur Registrierung, Zulassung zur Bearbeitung, \u00dcberpr\u00fcfung und L\u00f6sung der im Beschwerdekanal eingegangenen Mitteilungen werden unter Ber\u00fccksichtigung der Merkmale des gemeldeten Sachverhalts und der sonstigen Begleitumst\u00e4nde so schnell wie m\u00f6glich durchgef\u00fchrt.<\/p><p><a name=\"_Toc26365\"><\/a>4.2 Registrierung und Klassifizierung von Beschwerden<\/p><p>Alle eingegangenen Beschwerden werden vom Systemmanager unabh\u00e4ngig analysiert, und die Identit\u00e4t des Beschwerdef\u00fchrers und der gemeldeten Person(en) wird vertraulich behandelt.<\/p><p>Nach Eingang der Mitteilung wird sie mit einem entsprechenden Identifizierungscode versehen und in eine Datenbank eingegeben, in der die Einstufung der Beschwerde und ihr Bearbeitungsstatus erfasst werden. Die Datenbank wird w\u00e4hrend der verschiedenen Phasen des Verfahrens aktualisiert.<\/p><p>Der Beschwerdef\u00fchrer erh\u00e4lt innerhalb von 7 Tagen einen Nachweis \u00fcber die \u00dcbermittlung und Registrierung der \u00fcber den Kanal erfolgten Mitteilung, um die Einhaltung der allgemeinen Pflicht zur Zusammenarbeit gem\u00e4\u00df Abschnitt 1 dieser Politik zu belegen.<\/p><p>Die Beschwerden sollten in der Reihenfolge ihrer Bedeutung geordnet werden. Aspekte, die als besonders wichtig erachtet werden:<\/p><ul><li>Situationen, die zu einer potenziellen strafrechtlichen Haftung des Unternehmens oder seiner F\u00fchrungskr\u00e4fte f\u00fchren k\u00f6nnen, einschlie\u00dflich (aber nicht beschr\u00e4nkt auf) Handlungen, die, wenn sie sich best\u00e4tigen, als Korruption im \u00f6ffentlichen Bereich in jeglicher Form eingestuft werden k\u00f6nnten.<\/li><li>Situationen, in denen die Gefahr eines Versto\u00dfes gegen bestehende Rechtsvorschriften besteht.<\/li><li>Situationen, die, wenn sie au\u00dferhalb des Unternehmens bekannt werden, dem Image der Gruppe schaden k\u00f6nnten.<\/li><li>Situationen, die ein Risiko in der \"....<em>Gesch\u00e4ftskontinuit\u00e4t<\/em>\".<\/li><li>Hoher Betrag im Zusammenhang mit der begr\u00fcndeten Beschwerde.<\/li><li>Anzahl der von dem gemeldeten Sachverhalt betroffenen Personen oder Gebiete.<\/li><\/ul><p>Die in diesem Abschnitt angegebene Bewertung bestimmt die Priorit\u00e4t f\u00fcr den Beginn der \u00dcberpr\u00fcfung und die Zuweisung von Ressourcen. Sobald die vorl\u00e4ufige Analyse der Mitteilung durchgef\u00fchrt wurde, wird der Grad der Relevanz angegeben.\u00a0<\/p><p>Sollten sp\u00e4ter neue Informationen oder Beweise zutage treten, die es ratsam erscheinen lassen, die Relevanz der Beschwerde zu \u00e4ndern, ist die \u00c4nderung der Priorit\u00e4t zu begr\u00fcnden und ordnungsgem\u00e4\u00df zu dokumentieren.<\/p><p>Die im Kanal empfangenen Mitteilungen werden entsprechend ihrer Art und in \u00dcbereinstimmung mit den Kategorien klassifiziert, die in der <strong>Anhang<\/strong>. Diese Klassifizierung kann aktualisiert werden, wenn sich der Informationsbedarf weiterentwickelt.<\/p><p>Beschwerden, die \u00fcber den Whistleblowing-Kanal eingehen, sowie Beschwerden im Zusammenhang mit Diskriminierung, Mobbing und sexueller oder geschlechtsspezifischer Bel\u00e4stigung werden gegebenenfalls gem\u00e4\u00df den spezifischen Verfahren bearbeitet, die im Unternehmen des Arbeitgebers des Beschwerdef\u00fchrers f\u00fcr diese spezifischen Angelegenheiten bestehen.<\/p><p><a name=\"_Toc26366\"><\/a>4.3 Vorl\u00e4ufige Analyse der gemeldeten Fakten<\/p><p>Nach Eingang einer Mitteilung entscheidet der Systemmanager, ob sie bearbeitet werden soll oder nicht, wobei er pr\u00fcft, ob sie die Mindestanforderungen f\u00fcr diesen Zweck erf\u00fcllt. Ist die Mitteilung offensichtlich unbegr\u00fcndet oder enth\u00e4lt sie, da sie anonym ist, keine ausreichenden Informationen zur \u00dcberpr\u00fcfung des gemeldeten Sachverhalts, wird sie nicht zur Bearbeitung zugelassen; diese Entscheidung ist zu dokumentieren.<\/p><p>Falls der gemeldete Sachverhalt mehr als ein Unternehmen der Gruppe oder Fachleute, die mehreren dieser Unternehmen zugeordnet sind, betreffen k\u00f6nnte, wird die Meldung von jedem der betroffenen Unternehmen an den Leiter des Gruppensystems gesandt, damit geeignete Koordinierungsma\u00dfnahmen ergriffen werden k\u00f6nnen, einschlie\u00dflich der \u00dcbertragung der Entscheidung \u00fcber die Zulassung zur Bearbeitung und der Bestimmung des f\u00fcr die \u00dcberpr\u00fcfung zust\u00e4ndigen Unternehmens.<\/p><p><a name=\"_Toc26367\"><\/a>4.4 \u00dcberpr\u00fcfung des behaupteten Sachverhalts<\/p><p>Wenn die vorl\u00e4ufige Analyse der Beschwerde dies erfordert, geht der Systemmanager dazu \u00fcber, den gemeldeten Sachverhalt zu \u00fcberpr\u00fcfen und zu analysieren, wozu gegebenenfalls die Zusammenarbeit mit anderen Bereichen des Unternehmens oder mit Dritten erforderlich sein kann.<\/p><p>W\u00e4hrend des gesamten Ermittlungsverfahrens gilt f\u00fcr alle betroffenen Personen die Unschuldsvermutung.\u00a0<\/p><p><a name=\"_Toc26368\"><\/a>4.5 L\u00f6sung der Beschwerde<\/p><p>Nach Abschluss der \u00dcberpr\u00fcfung der gemeldeten Sachverhalte gelangt der Systemmanager zu Schlussfolgerungen, die er an die zust\u00e4ndigen Stellen weiterleitet, und diese Schlussfolgerungen k\u00f6nnen gem\u00e4\u00df den Bestimmungen zur Entwicklung dieser Politik in einem Bericht formell festgehalten werden.<\/p><p>Au\u00dferdem muss eine angemessene Einhaltung der Schutzvorschriften gew\u00e4hrleistet sein.<\/p><p>geltenden Datenschutzvorschriften und insbesondere im Hinblick auf die Rechte der betroffenen Personen.<\/p><ol><li><strong>Wenn das Vorliegen einer Zuwiderhandlung als nicht erwiesen angesehen wird: Einstellung des Verfahrens. <\/strong><\/li><\/ol><p>Wenn festgestellt wird, dass keine Unregelm\u00e4\u00dfigkeit vorliegt, handeln<\/p><p>Steht die Entscheidung nicht im Einklang mit dem Gesetz oder den internen Vorschriften, wird die Akte geschlossen, ohne dass etwas unternommen werden muss, und archiviert. Diese Entscheidung ist zu dokumentieren.<\/p><ol><li><strong>Wenn das Vorliegen einer Zuwiderhandlung als erwiesen gilt: <\/strong><\/li><\/ol><p>Wird festgestellt, dass eine Unregelm\u00e4\u00dfigkeit oder eine Handlung begangen wurde, die gegen das Gesetz oder die internen Vorschriften der Gruppe verst\u00f6\u00dft, so wird dies dem Leiter des betroffenen Bereichs und dem Bereich Humanressourcen gemeldet, damit entsprechende disziplinarische Ma\u00dfnahmen ergriffen werden k\u00f6nnen. Ungeachtet der Tatsache, dass der Bereich Compliance uneingeschr\u00e4nkten und st\u00e4ndigen Zugang zum Whistleblower-Kanal hat und regelm\u00e4\u00dfig \u00fcber den Fortgang der Arbeiten zur \u00dcberpr\u00fcfung und Analyse der Beschwerden informiert wird, hat er formellen Zugang zu allen Berichten \u00fcber die Beilegung von Beschwerden, die ver\u00f6ffentlicht werden.<\/p><p>In den F\u00e4llen, die aufgrund ihrer Relevanz als notwendig erachtet werden, k\u00f6nnen sie auf Antrag eines der oben genannten Bereiche \u00fcbertragen werden:<\/p><ul><li>an den Ausschuss f\u00fcr Disziplinarma\u00dfnahmen oder ein gleichwertiges Gremium des Unternehmens, auf das sich der Sachverhalt bezieht, der Gegenstand des Verfahrens ist.<\/li><li>an den Juristischen Dienst des betreffenden Unternehmens.<\/li><li>gegebenenfalls an den zust\u00e4ndigen Global Head.<\/li><\/ul><p>Die H\u00f6chstfrist f\u00fcr die Beantwortung des Ermittlungsverfahrens darf drei Monate ab dem Eingang der Mitteilung oder, wenn dem Informanten keine Empfangsbest\u00e4tigung zugesandt wurde, drei Monate ab dem Ablauf der Sieben-Tage-Frist nach der Mitteilung nicht \u00fcberschreiten. In besonders komplexen F\u00e4llen, die eine Verl\u00e4ngerung der Frist erfordern, kann diese um bis zu drei weitere Monate verl\u00e4ngert werden (Art. 9.2.d) Gesetz 2\/2023).<\/p><p><a name=\"_Toc26369\"><\/a>4.6 Aufbewahrung von Informationen<\/p><p>Die Informationen werden im Einklang mit den jeweils geltenden gesetzlichen Bestimmungen gespeichert und aufbewahrt. Die Verarbeitung personenbezogener Daten erfolgt ebenfalls in \u00dcbereinstimmung mit den geltenden einschl\u00e4gigen Rechtsvorschriften. In jedem Fall werden eventuelle Forderungen von Beh\u00f6rden, Gerichten und Tribunalen nach Ma\u00dfgabe der geltenden Rechtsvorschriften und nur w\u00e4hrend der Verj\u00e4hrungsfrist der Klagen, die sich aus der betreffenden Verarbeitung ergeben k\u00f6nnen, ber\u00fccksichtigt.<\/p><p>Alle personenbezogenen Daten, die sich auf erhaltene Informationen und interne Untersuchungen beziehen, werden so lange aufbewahrt, wie es f\u00fcr die Einhaltung des Gesetzes 2\/2023 erforderlich und angemessen ist.  Wird festgestellt, dass die \u00fcbermittelten Informationen oder ein Teil davon nicht der Wahrheit entsprechen, werden sie unverz\u00fcglich gel\u00f6scht, es sei denn, diese Unwahrheit kann eine Straftat darstellen; in diesem Fall werden die Informationen f\u00fcr den erforderlichen Zeitraum aufbewahrt. In diesem Fall werden die Informationen f\u00fcr den erforderlichen Zeitraum aufbewahrt. In jedem Fall sind die Daten zu l\u00f6schen, wenn seit dem Eingang der Mitteilung drei Monate verstrichen sind und keine Ermittlungen eingeleitet wurden, es sei denn, der Zweck der Speicherung besteht darin, Beweise f\u00fcr das Funktionieren des Systems zu hinterlassen. In keinem Fall d\u00fcrfen die Daten l\u00e4nger als zehn Jahre aufbewahrt werden.\u00a0<\/p><p><a name=\"_Toc26370\"><\/a>4.7 Beschwerden von Mitarbeitern au\u00dferhalb der EDUCA EDTECH Group<\/p><p>Wenn ein Dritter eine Beschwerde an einen Mitarbeiter weiterleitet, ist der Mitarbeiter verpflichtet, diese dem Systemadministrator zu melden.<\/p><p>Gem\u00e4\u00df den gesetzlichen Bestimmungen ist ein Dritter au\u00dferhalb der EDUCA EDTECH Gruppe (d.h. ein Aktion\u00e4r, ein Kunde, ein Lieferant usw.), der Informationen \u00fcber eine Unregelm\u00e4\u00dfigkeit hat und diese einem Mitarbeiter der Gruppe zur Kenntnis bringt - unabh\u00e4ngig von dem Verfahren, das zur Weitergabe dieser Informationen verwendet wird - verpflichtet, diese Informationen den Leitern der betreffenden Gesellschaften oder L\u00e4nder mitzuteilen (die gem\u00e4\u00df den oben genannten Bestimmungen dieser Politik handeln m\u00fcssen).<\/p><p>Die Nichtbehandlung von Beschwerden oder Klagen eines Arbeitnehmers gilt gegebenenfalls als Straftat nach Ma\u00dfgabe der geltenden Rechtsvorschriften.\u00a0<\/p><\/div>\n\t\t\t\t<\/div>\n\t\t\t\t\t\t\t<div class=\"elementor-accordion-item\">\n\t\t\t\t\t<h2 id=\"elementor-tab-title-1605\" class=\"elementor-tab-title\" data-tab=\"5\" role=\"button\" aria-controls=\"elementor-tab-content-1605\" aria-expanded=\"false\">\n\t\t\t\t\t\t\t\t\t\t\t\t\t<span class=\"elementor-accordion-icon elementor-accordion-icon-left\" aria-hidden=\"true\">\n\t\t\t\t\t\t\t\t\t\t\t\t\t\t\t<span class=\"elementor-accordion-icon-closed\"><svg class=\"e-font-icon-svg e-fas-angle-down\" viewbox=\"0 0 320 512\" xmlns=\"http:\/\/www.w3.org\/2000\/svg\"><path d=\"M143 352.3L7 216.3c-9.4-9.4-9.4-24.6 0-33.9l22.6-22.6c9.4-9.4 24.6-9.4 33.9 0l96.4 96.4 96.4-96.4c9.4-9.4 24.6-9.4 33.9 0l22.6 22.6c9.4 9.4 9.4 24.6 0 33.9l-136 136c-9.2 9.4-24.4 9.4-33.8 0z\"><\/path><\/svg><\/span>\n\t\t\t\t\t\t\t\t<span class=\"elementor-accordion-icon-opened\"><svg class=\"e-font-icon-svg e-fas-minus\" viewbox=\"0 0 448 512\" xmlns=\"http:\/\/www.w3.org\/2000\/svg\"><path d=\"M416 208H32c-17.67 0-32 14.33-32 32v32c0 17.67 14.33 32 32 32h384c17.67 0 32-14.33 32-32v-32c0-17.67-14.33-32-32-32z\"><\/path><\/svg><\/span>\n\t\t\t\t\t\t\t\t\t\t\t\t\t\t<\/span>\n\t\t\t\t\t\t\t\t\t\t\t\t<a class=\"elementor-accordion-title\" tabindex=\"0\">Schutz von Whistleblowern <\/a>\n\t\t\t\t\t<\/h2>\n\t\t\t\t\t<div id=\"elementor-tab-content-1605\" class=\"elementor-tab-content elementor-clearfix\" data-tab=\"5\" role=\"region\" aria-labelledby=\"elementor-tab-title-1605\"><p>F\u00fcr den Whistleblowing-Kanal gelten die Grunds\u00e4tze der Vertraulichkeit, des Respekts und der Substanz.<\/p><p>Jede Person, die in gutem Glauben Anzeige erstattet, genie\u00dft den geb\u00fchrenden Schutz gem\u00e4\u00df den Bestimmungen der<\/p><p>in den geltenden Vorschriften.<\/p><p>Insbesondere hat jeder Mitarbeiter, der den Whistleblowing-Kanal in gutem Glauben nutzt, um ihm bekannte Unregelm\u00e4\u00dfigkeiten oder Handlungen, die gegen das Gesetz oder interne Vorschriften versto\u00dfen, entweder anonym oder unter Offenlegung seiner Identit\u00e4t zu melden, Anspruch auf den im Gesetz 2\/2023 vom 20. Februar \u00fcber den Schutz von Personen, die Verst\u00f6\u00dfe gegen Vorschriften und die Korruptionsbek\u00e4mpfung melden, vorgesehenen Schutz.\u00a0<\/p><p>Der Whistleblowing-Kanal wurde so konzipiert, dass ein Hinweisgeber, der anonym bleiben m\u00f6chte, dies mit ausreichenden Garantien tun kann. Entscheidet sich der Beschwerdef\u00fchrer aus freien St\u00fccken daf\u00fcr, seine Identit\u00e4t nicht zu verheimlichen, wird in dem Bericht, in dem die Beschwerde behandelt wird, kein Hinweis auf die Identit\u00e4t des Beschwerdef\u00fchrers oder der beteiligten Parteien gegeben, um eine angemessene Vertraulichkeit zu gew\u00e4hrleisten.<\/p><p>Wird der Name des Whistleblowers, aus welchem Grund auch immer, \u00f6ffentlich bekannt, so wird im Falle eines Mitarbeiters die Personalabteilung des Unternehmens, in dem der Mitarbeiter t\u00e4tig ist, informiert, um die Stabilit\u00e4t des Besch\u00e4ftigungsverh\u00e4ltnisses des Mitarbeiters zu \u00fcberwachen und ihm gegebenenfalls eine Versetzung von seinem derzeitigen Arbeitsplatz zu erm\u00f6glichen.<\/p><p>Jede Ma\u00dfnahme gegen den meldenden Arbeitnehmer, die als Drohung, Diskriminierung oder Repressalie f\u00fcr die Meldung verstanden werden kann, gilt als arbeitsrechtliches Vergehen im Sinne der geltenden Rechtsvorschriften.<\/p><\/div>\n\t\t\t\t<\/div>\n\t\t\t\t\t\t\t<div class=\"elementor-accordion-item\">\n\t\t\t\t\t<h2 id=\"elementor-tab-title-1606\" class=\"elementor-tab-title\" data-tab=\"6\" role=\"button\" aria-controls=\"elementor-tab-content-1606\" aria-expanded=\"false\">\n\t\t\t\t\t\t\t\t\t\t\t\t\t<span class=\"elementor-accordion-icon elementor-accordion-icon-left\" aria-hidden=\"true\">\n\t\t\t\t\t\t\t\t\t\t\t\t\t\t\t<span class=\"elementor-accordion-icon-closed\"><svg class=\"e-font-icon-svg e-fas-angle-down\" viewbox=\"0 0 320 512\" xmlns=\"http:\/\/www.w3.org\/2000\/svg\"><path d=\"M143 352.3L7 216.3c-9.4-9.4-9.4-24.6 0-33.9l22.6-22.6c9.4-9.4 24.6-9.4 33.9 0l96.4 96.4 96.4-96.4c9.4-9.4 24.6-9.4 33.9 0l22.6 22.6c9.4 9.4 9.4 24.6 0 33.9l-136 136c-9.2 9.4-24.4 9.4-33.8 0z\"><\/path><\/svg><\/span>\n\t\t\t\t\t\t\t\t<span class=\"elementor-accordion-icon-opened\"><svg class=\"e-font-icon-svg e-fas-minus\" viewbox=\"0 0 448 512\" xmlns=\"http:\/\/www.w3.org\/2000\/svg\"><path d=\"M416 208H32c-17.67 0-32 14.33-32 32v32c0 17.67 14.33 32 32 32h384c17.67 0 32-14.33 32-32v-32c0-17.67-14.33-32-32-32z\"><\/path><\/svg><\/span>\n\t\t\t\t\t\t\t\t\t\t\t\t\t\t<\/span>\n\t\t\t\t\t\t\t\t\t\t\t\t<a class=\"elementor-accordion-title\" tabindex=\"0\">6.Werbung<\/a>\n\t\t\t\t\t<\/h2>\n\t\t\t\t\t<div id=\"elementor-tab-content-1606\" class=\"elementor-tab-content elementor-clearfix\" data-tab=\"6\" role=\"region\" aria-labelledby=\"elementor-tab-title-1606\"><p>Unbeschadet der Verpflichtung der Mitarbeiter, die Bestimmungen der Gesch\u00e4ftsordnung zu kennen und bei der Aus\u00fcbung ihrer T\u00e4tigkeit entsprechend zu handeln, werden die ordnungsgem\u00e4\u00dfe Verbreitung dieser Politik und das Bestehen des Whistleblowing-Kanals gef\u00f6rdert und sichergestellt.<\/p><\/div>\n\t\t\t\t<\/div>\n\t\t\t\t\t\t\t<div class=\"elementor-accordion-item\">\n\t\t\t\t\t<h2 id=\"elementor-tab-title-1607\" class=\"elementor-tab-title\" data-tab=\"7\" role=\"button\" aria-controls=\"elementor-tab-content-1607\" aria-expanded=\"false\">\n\t\t\t\t\t\t\t\t\t\t\t\t\t<span class=\"elementor-accordion-icon elementor-accordion-icon-left\" aria-hidden=\"true\">\n\t\t\t\t\t\t\t\t\t\t\t\t\t\t\t<span class=\"elementor-accordion-icon-closed\"><svg class=\"e-font-icon-svg e-fas-angle-down\" viewbox=\"0 0 320 512\" xmlns=\"http:\/\/www.w3.org\/2000\/svg\"><path d=\"M143 352.3L7 216.3c-9.4-9.4-9.4-24.6 0-33.9l22.6-22.6c9.4-9.4 24.6-9.4 33.9 0l96.4 96.4 96.4-96.4c9.4-9.4 24.6-9.4 33.9 0l22.6 22.6c9.4 9.4 9.4 24.6 0 33.9l-136 136c-9.2 9.4-24.4 9.4-33.8 0z\"><\/path><\/svg><\/span>\n\t\t\t\t\t\t\t\t<span class=\"elementor-accordion-icon-opened\"><svg class=\"e-font-icon-svg e-fas-minus\" viewbox=\"0 0 448 512\" xmlns=\"http:\/\/www.w3.org\/2000\/svg\"><path d=\"M416 208H32c-17.67 0-32 14.33-32 32v32c0 17.67 14.33 32 32 32h384c17.67 0 32-14.33 32-32v-32c0-17.67-14.33-32-32-32z\"><\/path><\/svg><\/span>\n\t\t\t\t\t\t\t\t\t\t\t\t\t\t<\/span>\n\t\t\t\t\t\t\t\t\t\t\t\t<a class=\"elementor-accordion-title\" tabindex=\"0\">Inkrafttreten <\/a>\n\t\t\t\t\t<\/h2>\n\t\t\t\t\t<div id=\"elementor-tab-content-1607\" class=\"elementor-tab-content elementor-clearfix\" data-tab=\"7\" role=\"region\" aria-labelledby=\"elementor-tab-title-1607\"><p>Diese Richtlinie tritt nach Genehmigung durch den Verwaltungsrat der EDUCA EDTECH Group in Kraft.\u00a0<strong>\u00a0\u00a0\u00a0\u00a0\u00a0\u00a0\u00a0\u00a0\u00a0\u00a0\u00a0\u00a0\u00a0\u00a0 \u00a0<\/strong><\/p><p><strong>ANHANG: KATEGORIEN DER KOMMUNIKATION BESCHWERDEKANAL <\/strong><\/p><table width=\"672\"><tbody><tr><td rowspan=\"4\" width=\"112\"><p><strong>Arbeitskampf<\/strong><\/p><\/td><td width=\"112\"><p><strong>Moobing \/ <\/strong><\/p><p><strong>Harrasment<\/strong><\/p><\/td><td width=\"448\"><p>Mobbing am Arbeitsplatz, auch bekannt als \"Mobbing\", ist ein Verhalten, eine Praxis oder eine Verhaltensweise, die im Rahmen eines Arbeitsverh\u00e4ltnisses systematisch und immer wiederkehrend die W\u00fcrde des Arbeitnehmers untergr\u00e4bt oder angreift, indem versucht wird, ihn emotional und psychologisch zu unterdr\u00fccken und seine F\u00e4higkeiten, seinen beruflichen Aufstieg oder seinen Verbleib am Arbeitsplatz zunichte zu machen, wodurch ein feindseliges Umfeld geschaffen und das Arbeitsumfeld negativ beeinflusst wird.<\/p><p>Der Begriff der Bel\u00e4stigung am Arbeitsplatz schlie\u00dft zeitlich und \u00f6rtlich begrenzte zwischenmenschliche Konflikte aus, die im Rahmen zwischenmenschlicher Beziehungen auftreten k\u00f6nnen und die die Arbeitsorganisation und ihre Entwicklung beeintr\u00e4chtigen, aber nicht auf die pers\u00f6nliche oder berufliche Zerst\u00f6rung der Konfliktparteien abzielen.<\/p><\/td><\/tr><tr><td width=\"112\"><p><strong>Sexuelle Bel\u00e4stigung \/ <\/strong><\/p><p><strong>Sexuelle Bel\u00e4stigung<\/strong><\/p><\/td><td width=\"448\"><p>Jedes unerw\u00fcnschte Verhalten sexueller Natur, das als Beleidigung oder Dem\u00fctigung einer Person empfunden werden kann. Wenn ein solches Verhalten die Arbeit beeintr\u00e4chtigt oder ein einsch\u00fcchterndes, feindseliges oder beleidigendes Arbeitsumfeld schafft. In der Regel handelt es sich dabei um ein Verhaltensmuster, es kann sich aber auch um einen einzelnen Vorfall handeln.<\/p><p>Sexuelle Bel\u00e4stigung\" muss von \"geschlechtsspezifischer Bel\u00e4stigung\" unterschieden werden, da letztere eine Art von diskriminierender Bel\u00e4stigung im Sinne der tats\u00e4chlichen Gleichstellung von Frauen und M\u00e4nnern darstellt, und zwar \"jedes Verhalten, das aufgrund des Geschlechts oder der Geschlechtsidentit\u00e4t einer Person erfolgt und bezweckt oder bewirkt, dass ihre W\u00fcrde verletzt und ein von Einsch\u00fcchterungen, Erniedrigungen oder Beleidigungen gekennzeichnetes Umfeld geschaffen wird\".<\/p><\/td><\/tr><tr><td width=\"112\"><p><strong>Diskriminierung<\/strong><\/p><\/td><td width=\"448\"><p>Jede ungerechte Behandlung oder willk\u00fcrliche Unterscheidung aufgrund der Ethnie, des Geschlechts, der Religion, der Staatsangeh\u00f6rigkeit, der ethnischen Herkunft, der sexuellen Ausrichtung, einer Behinderung, des Alters, der Sprache, der sozialen Herkunft oder eines anderen sozialen Status einer Person. Diskriminierung kann eine einzelne Handlung sein, die eine Person oder eine Gruppe von Personen in einer \u00e4hnlichen Situation betrifft.<\/p><\/td><\/tr><tr><td width=\"112\"><p><strong>Fehlverhalten und andere Konflikte im Arbeitsumfeld<\/strong><\/p><\/td><td width=\"448\"><p>Gelegentlicher oder wiederkehrender Machtmissbrauch von F\u00fchrungskr\u00e4ften oder Unternehmensleitern gegen\u00fcber ihren Untergebenen sowie die Misshandlung eines Mitarbeiters, die zwischen Personen stattfindet, die nicht in einem Befehls- oder Hierarchieverh\u00e4ltnis zueinander stehen, oder die, wenn sie eines h\u00e4tten, nicht relevant w\u00e4ren.<\/p><\/td><\/tr><tr><td width=\"112\"><p><strong>Bedingungen <\/strong><\/p><p><strong>Arbeit<\/strong><\/p><\/td><td width=\"112\"><p><strong>Bedingungen <\/strong><\/p><p><strong>Arbeit<\/strong><\/p><\/td><td width=\"448\"><p>Fehler bei der Entlohnung von Mitarbeitern (Zahlung von Geh\u00e4ltern, \u00dcberstunden, Boni usw.), die nicht mit Betrug in Verbindung stehen. Dazu geh\u00f6ren auch Situationen, die<\/p><p>ein Berufsrisiko f\u00fcr den Arbeitnehmer darstellen (gesundheitssch\u00e4dlich, Brandgefahr usw.).<\/p><\/td><\/tr><tr><td width=\"112\"><p><strong>Datenschutz\/Informationssicherheit<\/strong><\/p><\/td><td width=\"112\"><p><strong>Datenschutz\/Informationssicherheit<\/strong><\/p><\/td><td width=\"448\"><p>Nutzung von Unternehmens-, Kunden-, Mitarbeiter-, Aktion\u00e4rs- oder Lieferanteninformationen zum eigenen Vorteil oder zum Vorteil Dritter. Verletzung von Prozessen, die die Vertraulichkeit, Integrit\u00e4t und Verf\u00fcgbarkeit von Informationswerten verwalten.<\/p><\/td><\/tr><tr><td width=\"112\"><p><strong>Handlungen, die der Integrit\u00e4t des Unternehmens zuwiderlaufen<\/strong><\/p><\/td><td width=\"112\"><p><strong>Konflikt der <\/strong><\/p><p><strong>Interessen<\/strong><\/p><\/td><td width=\"448\"><p>Situationen, in denen ein pers\u00f6nlicher oder privater Vorteil oder ein Interesse die beruflichen Entscheidungen eines Mitarbeiters beeinflusst und dieses pers\u00f6nliche Interesse oder dieser Vorteil in Konflikt mit den Interessen eines Unternehmens der EDUCA EDTECH Gruppe (im Folgenden \"das Unternehmen\") geraten kann. Der Interessenkonflikt kann auf Verwandtschaft, Beteiligung an Unternehmen oder andere Gr\u00fcnde zur\u00fcckzuf\u00fchren sein, die nach Ansicht des Mitarbeiters seine objektive Entscheidungsf\u00e4higkeit gegen\u00fcber Dritten einschr\u00e4nken oder bedingen. Unter Verwandtschaft wird in diesem Zusammenhang verstanden: der Ehegatte oder eine Person mit einer analogen Affektbeziehung, Verwandte in aufsteigender und absteigender Linie, Geschwister des Arbeitnehmers oder seines Ehegatten sowie die Ehegatten der letzteren. Ebenso wird davon ausgegangen, dass die Entscheidungsf\u00e4higkeit des Arbeitnehmers beeintr\u00e4chtigt sein k\u00f6nnte, wenn er selbst, einer seiner Verwandten oder eine mit ihm verbundene Person direkt oder indirekt die Kontrolle oder einen wesentlichen Einfluss oder eine Verwaltungs- oder F\u00fchrungsposition in Unternehmen oder Einrichtungen innehat oder innehaben k\u00f6nnte, die in einen potenziellen Interessenkonflikt verwickelt sind.<\/p><\/td><\/tr><\/tbody><\/table><table width=\"672\"><tbody><tr><td rowspan=\"2\" width=\"112\">\u00a0<\/td><td width=\"112\"><p><strong>Korruption von <\/strong><\/p><p><strong>Beamte <\/strong><\/p><p><strong>\u00d6ffentlich<\/strong><\/p><\/td><td width=\"448\"><p>Handlungen, die von Mitarbeitern von EDUCA EDTECH oder durch Dritte gegen die Integrit\u00e4t des Unternehmens durchgef\u00fchrt werden und darin bestehen, einem Beamten oder \u00f6ffentlichen Angestellten Geschenke, Einladungen oder andere Arten von Anreizen zu versprechen, anzubieten, zu zahlen, zu gew\u00e4hren oder deren Gew\u00e4hrung zu genehmigen, mit dem Ziel, einen Vorteil f\u00fcr das Unternehmen zu beeinflussen oder zu erlangen.<\/p><\/td><\/tr><tr><td width=\"112\"><p><strong>Handlungen, die der Integrit\u00e4t im privaten Bereich zuwiderlaufen<\/strong><\/p><\/td><td width=\"448\"><p>Es handelt sich um Handlungen, die von Mitarbeitern von EDUCA EDTECH oder durch Dritte gegen die Integrit\u00e4t des Unternehmens durchgef\u00fchrt werden, und die darin bestehen (a) entweder das Versprechen, Anbieten, Bezahlen, Gew\u00e4hren oder Genehmigen der \u00dcbergabe von Geschenken, Einladungen oder anderen Arten von Anreizen an nat\u00fcrliche oder juristische Personen im privaten Bereich, zu denen keine pers\u00f6nliche oder wirtschaftliche Verbindung besteht, mit dem Ziel, das Verhalten der Person, die den Anreiz erh\u00e4lt, zu beeinflussen; (b) oder das Empfangen oder Annehmen von Geschenken, Einladungen oder anderen Arten von Anreizen von nat\u00fcrlichen oder juristischen Personen im privaten Bereich, zu denen keine pers\u00f6nliche oder wirtschaftliche Verbindung besteht, mit dem Ziel, einen Vorteil oder eine Belohnung zu erhalten.<\/p><\/td><\/tr><tr><td rowspan=\"2\" width=\"112\"><p><strong>Verm\u00f6gensbetrug<\/strong><\/p><\/td><td width=\"112\"><p><strong>Externer Betrug<\/strong><\/p><\/td><td width=\"448\"><p>Vors\u00e4tzliches oder absichtliches Vorgehen gegen das Unternehmen mit dem Ziel, ihm durch T\u00e4uschung, List oder andere unlautere Mittel Eigentum oder Geld zu entziehen. In diesem Fall betrifft der Betrug NICHT Angestellte oder Personen, die in ihrer Eigenschaft als Beamte handeln.<\/p><\/td><\/tr><tr><td width=\"112\"><p><strong>Interner Betrug<\/strong><\/p><\/td><td width=\"448\"><p>Vors\u00e4tzliches oder absichtliches Vorgehen gegen das Unternehmen mit dem Ziel, ihm durch T\u00e4uschung, List oder andere unlautere Mittel Eigentum oder Geld zu entziehen. In diesem Fall handelt es sich bei Betrug NICHT um Angestellte, und wenn externe nat\u00fcrliche Personen beteiligt sind, handelt es sich NICHT um Personen, die in ihrer Eigenschaft als Beamte handeln.<\/p><\/td><\/tr><tr><td width=\"112\"><p><strong>G\u00fcnstige Behandlung<\/strong><\/p><\/td><td width=\"112\"><p><strong>Behandlung von Gunst<\/strong><\/p><\/td><td width=\"448\"><p>Eine Handlung, durch die einem Dritten oder einem Mitarbeiter der Gruppe, zu dem keine pers\u00f6nliche oder wirtschaftliche Beziehung besteht oder der nicht bekannt ist, Privilegien, Zugest\u00e4ndnisse oder Vorteile gew\u00e4hrt werden, die dem anderen einen Vorteil gegen\u00fcber anderen verschaffen, so dass er nicht zu gleichen Bedingungen konkurriert. Zu dieser Kategorie geh\u00f6ren Situationen der Beg\u00fcnstigung, die nicht gegen die Integrit\u00e4t des Unternehmens versto\u00dfen und nicht mit einem Interessenkonflikt verbunden sind.<\/p><\/td><\/tr><tr><td width=\"112\"><p><strong>Finanzielle Berichterstattung<\/strong><\/p><\/td><td width=\"112\"><p><strong>Interne Kontrolle der Berichterstattung <\/strong><\/p><p><strong>Finanzen<\/strong><\/p><\/td><td width=\"448\"><p>Unregelm\u00e4\u00dfigkeiten in der Rechnungslegung, die sich auf die interne Kontrolle der Finanzberichterstattung oder auf Fragen der Rechnungspr\u00fcfung beziehen<\/p><\/td><\/tr><tr><td rowspan=\"3\" width=\"112\"><p><strong>Nichteinhaltung von Rechtsvorschriften<\/strong><\/p><p><strong>\/ regulatorisch \/ vertraglich<\/strong><\/p><\/td><td width=\"112\"><p><strong>Nichteinhaltung der gesetzlichen Bestimmungen<\/strong><\/p><\/td><td width=\"448\"><p>Jede andere Nichteinhaltung von Gesetzen, Rechtsvorschriften und regulatorischen Verpflichtungen, sowohl auf nationaler als auch auf internationaler Ebene, die nicht in den oben genannten Kategorien enthalten sind. Zwei nicht ersch\u00f6pfende F\u00e4lle: - Wenn die Nichteinhaltung mit \"Korruption von Amtstr\u00e4gern\" oder \"Handlungen, die gegen die Integrit\u00e4t im privaten Bereich versto\u00dfen\" zusammenh\u00e4ngt, ist die so definierte Kategorie zu verwenden.<\/p><\/td><\/tr><tr><td width=\"112\"><p><strong>Nichteinhaltung der Vorschriften <\/strong><\/p><p><strong>Normativ<\/strong><\/p><\/td><td width=\"448\"><p>Alle anderen absichtlichen oder unabsichtlichen Verst\u00f6\u00dfe gegen lokale oder unternehmensinterne Vorschriften, die nicht in den vorherigen Abschnitten aufgef\u00fchrt sind. Wenn der Versto\u00df mit den Vorschriften \u00fcber Interessenkonflikte zusammenh\u00e4ngt, wird der Begriff \"Interessenkonflikte\" verwendet; wenn er mit der Antikorruptionspolitik zusammenh\u00e4ngt, wird er in die entsprechenden Abschnitte \"Korruption von Amtstr\u00e4gern\" oder \"Handlungen, die der Integrit\u00e4t im privaten Bereich zuwiderlaufen\" eingeordnet.<\/p><\/td><\/tr><tr><td width=\"112\"><p><strong>Nichteinhaltung der Vorschriften <\/strong><\/p><p><strong>Kundenverpflichtungen<\/strong><\/p><\/td><td width=\"448\"><p>Verst\u00f6\u00dfe gegen die gegen\u00fcber den Kunden eingegangenen Verpflichtungen in Bezug auf die vertraglich vereinbarten Leistungen, die Rechnungsstellung, die Qualit\u00e4t der Produkte und Dienstleistungen usw. oder Fehlverhalten, das den Interessen des Kunden zuwiderl\u00e4uft.<\/p><\/td><\/tr><tr><td width=\"112\"><p><strong>Andere<\/strong><\/p><\/td><td width=\"112\"><p><strong>Andere<\/strong><\/p><\/td><td width=\"448\"><p>Alle anderen Beschwerden, die sich keiner der oben genannten Kategorien zuordnen lassen. Es wird versucht, diese Kategorie so wenig wie m\u00f6glich zu verwenden.<\/p><\/td><\/tr><\/tbody><\/table><\/div>\n\t\t\t\t<\/div>\n\t\t\t\t\t\t\t\t<\/div>\n\t\t\t\t<\/div>\n\t\t\t\t<\/div>\n\t\t\t\t\t<\/div>\n\t\t\t\t<\/div>\n\t\t<div class=\"elementor-element elementor-element-9c39d7c e-con-full e-flex e-con e-parent\" data-id=\"9c39d7c\" data-element_type=\"container\">\n\t\t\t\t<div class=\"elementor-element elementor-element-3186ee3 elementor-cta--skin-classic elementor-animated-content elementor-bg-transform elementor-bg-transform-zoom-in elementor-widget elementor-widget-call-to-action\" data-id=\"3186ee3\" data-element_type=\"widget\" data-widget_type=\"call-to-action.default\">\n\t\t\t\t<div class=\"elementor-widget-container\">\n\t\t\t\t\t<div class=\"elementor-cta\">\n\t\t\t\t\t\t\t<div class=\"elementor-cta__content\">\n\t\t\t\t\n\t\t\t\t\t\t\t\t\t<h2 class=\"elementor-cta__title elementor-cta__content-item elementor-content-item\">\n\t\t\t\t\t\tZugang zum Beschwerdeportal\t\t\t\t\t<\/h2>\n\t\t\t\t\n\t\t\t\t\t\t\t\t\t<div class=\"elementor-cta__description elementor-cta__content-item elementor-content-item\">\n\t\t\t\t\t\tHier k\u00f6nnen Sie alle Unregelm\u00e4\u00dfigkeiten melden und den Status Ihrer Beschwerde \u00fcberpr\u00fcfen.\t\t\t\t\t<\/div>\n\t\t\t\t\n\t\t\t\t\t\t\t\t\t<div class=\"elementor-cta__button-wrapper elementor-cta__content-item elementor-content-item\">\n\t\t\t\t\t<a class=\"elementor-cta__button elementor-button elementor-size-\" href=\"https:\/\/canaldenuncias.educaedtech.com\/#\/\">\n\t\t\t\t\t\tEine Beschwerde einreichen\t\t\t\t\t<\/a>\n\t\t\t\t\t<\/div>\n\t\t\t\t\t\t\t<\/div>\n\t\t\t\t\t\t<\/div>\n\t\t\t\t<\/div>\n\t\t\t\t<\/div>\n\t\t\t\t<\/div>\n\t\t\t\t<\/div>","protected":false},"excerpt":{"rendered":"<p>Beschwerdekanal Bei der EDUCA EDTECH Group sind wir zu Transparenz und zur Gew\u00e4hrleistung der besten unserer Dienstleistungen verpflichtet, daher [...]<\/p>","protected":false},"author":1,"featured_media":0,"parent":0,"menu_order":0,"comment_status":"closed","ping_status":"closed","template":"","meta":{"_acf_changed":false,"site-sidebar-layout":"no-sidebar","site-content-layout":"","ast-site-content-layout":"full-width-container","site-content-style":"default","site-sidebar-style":"default","ast-global-header-display":"","ast-banner-title-visibility":"","ast-main-header-display":"","ast-hfb-above-header-display":"","ast-hfb-below-header-display":"","ast-hfb-mobile-header-display":"","site-post-title":"disabled","ast-breadcrumbs-content":"","ast-featured-img":"disabled","footer-sml-layout":"","theme-transparent-header-meta":"","adv-header-id-meta":"","stick-header-meta":"","header-above-stick-meta":"","header-main-stick-meta":"","header-below-stick-meta":"","astra-migrate-meta-layouts":"default","ast-page-background-enabled":"default","ast-page-background-meta":{"desktop":{"background-color":"var(--ast-global-color-4)","background-image":"","background-repeat":"repeat","background-position":"center center","background-size":"auto","background-attachment":"scroll","background-type":"","background-media":"","overlay-type":"","overlay-color":"","overlay-opacity":"","overlay-gradient":""},"tablet":{"background-color":"","background-image":"","background-repeat":"repeat","background-position":"center center","background-size":"auto","background-attachment":"scroll","background-type":"","background-media":"","overlay-type":"","overlay-color":"","overlay-opacity":"","overlay-gradient":""},"mobile":{"background-color":"","background-image":"","background-repeat":"repeat","background-position":"center center","background-size":"auto","background-attachment":"scroll","background-type":"","background-media":"","overlay-type":"","overlay-color":"","overlay-opacity":"","overlay-gradient":""}},"ast-content-background-meta":{"desktop":{"background-color":"var(--ast-global-color-5)","background-image":"","background-repeat":"repeat","background-position":"center center","background-size":"auto","background-attachment":"scroll","background-type":"","background-media":"","overlay-type":"","overlay-color":"","overlay-opacity":"","overlay-gradient":""},"tablet":{"background-color":"var(--ast-global-color-5)","background-image":"","background-repeat":"repeat","background-position":"center center","background-size":"auto","background-attachment":"scroll","background-type":"","background-media":"","overlay-type":"","overlay-color":"","overlay-opacity":"","overlay-gradient":""},"mobile":{"background-color":"var(--ast-global-color-5)","background-image":"","background-repeat":"repeat","background-position":"center center","background-size":"auto","background-attachment":"scroll","background-type":"","background-media":"","overlay-type":"","overlay-color":"","overlay-opacity":"","overlay-gradient":""}},"footnotes":""},"class_list":["post-1131","page","type-page","status-publish","hentry"],"acf":[],"yoast_head":"<!-- This site is optimized with the Yoast SEO plugin v23.4 - https:\/\/yoast.com\/wordpress\/plugins\/seo\/ -->\n<title>Canal de denuncias | EDUCA EDTECH Group<\/title>\n<meta name=\"description\" content=\"Canal de denuncias: Protecci\u00f3n de datos, operativa y confidencialidad. Garantizamos transparencia y protecci\u00f3n.\" \/>\n<meta name=\"robots\" content=\"index, follow, max-snippet:-1, max-image-preview:large, max-video-preview:-1\" \/>\n<link rel=\"canonical\" href=\"https:\/\/educaedtech.com\/de\/politik-zur-verwaltung-von-beschwerdekanalen\/\" \/>\n<meta property=\"og:locale\" content=\"de_DE\" \/>\n<meta property=\"og:type\" content=\"article\" \/>\n<meta property=\"og:title\" content=\"Canal de denuncias | EDUCA EDTECH Group\" \/>\n<meta property=\"og:description\" content=\"Canal de denuncias: Protecci\u00f3n de datos, operativa y confidencialidad. Garantizamos transparencia y protecci\u00f3n.\" \/>\n<meta property=\"og:url\" content=\"https:\/\/educaedtech.com\/de\/politik-zur-verwaltung-von-beschwerdekanalen\/\" \/>\n<meta property=\"og:site_name\" content=\"Grupo EDUCA EDTECH\" \/>\n<meta property=\"article:modified_time\" content=\"2024-01-30T11:50:12+00:00\" \/>\n<meta name=\"twitter:card\" content=\"summary_large_image\" \/>\n<meta name=\"twitter:label1\" content=\"Gesch\u00e4tzte Lesezeit\" \/>\n\t<meta name=\"twitter:data1\" content=\"22\u00a0Minuten\" \/>\n<script type=\"application\/ld+json\" class=\"yoast-schema-graph\">{\"@context\":\"https:\/\/schema.org\",\"@graph\":[{\"@type\":\"WebPage\",\"@id\":\"https:\/\/educaedtech.com\/de\/politik-zur-verwaltung-von-beschwerdekanalen\/\",\"url\":\"https:\/\/educaedtech.com\/de\/politik-zur-verwaltung-von-beschwerdekanalen\/\",\"name\":\"Canal de denuncias | EDUCA EDTECH Group\",\"isPartOf\":{\"@id\":\"https:\/\/educaedtech.com\/de\/#website\"},\"datePublished\":\"2024-01-17T14:50:55+00:00\",\"dateModified\":\"2024-01-30T11:50:12+00:00\",\"description\":\"Canal de denuncias: Protecci\u00f3n de datos, operativa y confidencialidad. Garantizamos transparencia y protecci\u00f3n.\",\"breadcrumb\":{\"@id\":\"https:\/\/educaedtech.com\/de\/politik-zur-verwaltung-von-beschwerdekanalen\/#breadcrumb\"},\"inLanguage\":\"de\",\"potentialAction\":[{\"@type\":\"ReadAction\",\"target\":[\"https:\/\/educaedtech.com\/de\/politik-zur-verwaltung-von-beschwerdekanalen\/\"]}]},{\"@type\":\"BreadcrumbList\",\"@id\":\"https:\/\/educaedtech.com\/de\/politik-zur-verwaltung-von-beschwerdekanalen\/#breadcrumb\",\"itemListElement\":[{\"@type\":\"ListItem\",\"position\":1,\"name\":\"Home\",\"item\":\"https:\/\/educaedtech.com\/\"},{\"@type\":\"ListItem\",\"position\":2,\"name\":\"Canal de denuncias\"}]},{\"@type\":\"WebSite\",\"@id\":\"https:\/\/educaedtech.com\/de\/#website\",\"url\":\"https:\/\/educaedtech.com\/de\/\",\"name\":\"Grupo EDUCA EDTECH\",\"description\":\"\",\"publisher\":{\"@id\":\"https:\/\/educaedtech.com\/de\/#organization\"},\"potentialAction\":[{\"@type\":\"SearchAction\",\"target\":{\"@type\":\"EntryPoint\",\"urlTemplate\":\"https:\/\/educaedtech.com\/de\/?s={search_term_string}\"},\"query-input\":{\"@type\":\"PropertyValueSpecification\",\"valueRequired\":true,\"valueName\":\"search_term_string\"}}],\"inLanguage\":\"de\"},{\"@type\":\"Organization\",\"@id\":\"https:\/\/educaedtech.com\/de\/#organization\",\"name\":\"Grupo EDUCA EDTECH\",\"url\":\"https:\/\/educaedtech.com\/de\/\",\"logo\":{\"@type\":\"ImageObject\",\"inLanguage\":\"de\",\"@id\":\"https:\/\/educaedtech.com\/de\/#\/schema\/logo\/image\/\",\"url\":\"https:\/\/educaedtech.com\/wp-content\/uploads\/2024\/01\/Logo-Educa-Edtech-Group-Blanco.svg\",\"contentUrl\":\"https:\/\/educaedtech.com\/wp-content\/uploads\/2024\/01\/Logo-Educa-Edtech-Group-Blanco.svg\",\"width\":317,\"height\":108,\"caption\":\"Grupo EDUCA EDTECH\"},\"image\":{\"@id\":\"https:\/\/educaedtech.com\/de\/#\/schema\/logo\/image\/\"}}]}<\/script>\n<!-- \/ Yoast SEO plugin. -->","yoast_head_json":{"title":"Canal de denuncias | EDUCA EDTECH Group","description":"Canal de denuncias: Protecci\u00f3n de datos, operativa y confidencialidad. Garantizamos transparencia y protecci\u00f3n.","robots":{"index":"index","follow":"follow","max-snippet":"max-snippet:-1","max-image-preview":"max-image-preview:large","max-video-preview":"max-video-preview:-1"},"canonical":"https:\/\/educaedtech.com\/de\/politik-zur-verwaltung-von-beschwerdekanalen\/","og_locale":"de_DE","og_type":"article","og_title":"Canal de denuncias | EDUCA EDTECH Group","og_description":"Canal de denuncias: Protecci\u00f3n de datos, operativa y confidencialidad. Garantizamos transparencia y protecci\u00f3n.","og_url":"https:\/\/educaedtech.com\/de\/politik-zur-verwaltung-von-beschwerdekanalen\/","og_site_name":"Grupo EDUCA EDTECH","article_modified_time":"2024-01-30T11:50:12+00:00","twitter_card":"summary_large_image","twitter_misc":{"Gesch\u00e4tzte Lesezeit":"22\u00a0Minuten"},"schema":{"@context":"https:\/\/schema.org","@graph":[{"@type":"WebPage","@id":"https:\/\/educaedtech.com\/de\/politik-zur-verwaltung-von-beschwerdekanalen\/","url":"https:\/\/educaedtech.com\/de\/politik-zur-verwaltung-von-beschwerdekanalen\/","name":"Canal de denuncias | EDUCA EDTECH Group","isPartOf":{"@id":"https:\/\/educaedtech.com\/de\/#website"},"datePublished":"2024-01-17T14:50:55+00:00","dateModified":"2024-01-30T11:50:12+00:00","description":"Canal de denuncias: Protecci\u00f3n de datos, operativa y confidencialidad. Garantizamos transparencia y protecci\u00f3n.","breadcrumb":{"@id":"https:\/\/educaedtech.com\/de\/politik-zur-verwaltung-von-beschwerdekanalen\/#breadcrumb"},"inLanguage":"de","potentialAction":[{"@type":"ReadAction","target":["https:\/\/educaedtech.com\/de\/politik-zur-verwaltung-von-beschwerdekanalen\/"]}]},{"@type":"BreadcrumbList","@id":"https:\/\/educaedtech.com\/de\/politik-zur-verwaltung-von-beschwerdekanalen\/#breadcrumb","itemListElement":[{"@type":"ListItem","position":1,"name":"Home","item":"https:\/\/educaedtech.com\/"},{"@type":"ListItem","position":2,"name":"Canal de denuncias"}]},{"@type":"WebSite","@id":"https:\/\/educaedtech.com\/de\/#website","url":"https:\/\/educaedtech.com\/de\/","name":"Grupo EDUCA EDTECH","description":"","publisher":{"@id":"https:\/\/educaedtech.com\/de\/#organization"},"potentialAction":[{"@type":"SearchAction","target":{"@type":"EntryPoint","urlTemplate":"https:\/\/educaedtech.com\/de\/?s={search_term_string}"},"query-input":{"@type":"PropertyValueSpecification","valueRequired":true,"valueName":"search_term_string"}}],"inLanguage":"de"},{"@type":"Organization","@id":"https:\/\/educaedtech.com\/de\/#organization","name":"Grupo EDUCA EDTECH","url":"https:\/\/educaedtech.com\/de\/","logo":{"@type":"ImageObject","inLanguage":"de","@id":"https:\/\/educaedtech.com\/de\/#\/schema\/logo\/image\/","url":"https:\/\/educaedtech.com\/wp-content\/uploads\/2024\/01\/Logo-Educa-Edtech-Group-Blanco.svg","contentUrl":"https:\/\/educaedtech.com\/wp-content\/uploads\/2024\/01\/Logo-Educa-Edtech-Group-Blanco.svg","width":317,"height":108,"caption":"Grupo EDUCA EDTECH"},"image":{"@id":"https:\/\/educaedtech.com\/de\/#\/schema\/logo\/image\/"}}]}},"_links":{"self":[{"href":"https:\/\/educaedtech.com\/de\/wp-json\/wp\/v2\/pages\/1131","targetHints":{"allow":["GET"]}}],"collection":[{"href":"https:\/\/educaedtech.com\/de\/wp-json\/wp\/v2\/pages"}],"about":[{"href":"https:\/\/educaedtech.com\/de\/wp-json\/wp\/v2\/types\/page"}],"author":[{"embeddable":true,"href":"https:\/\/educaedtech.com\/de\/wp-json\/wp\/v2\/users\/1"}],"replies":[{"embeddable":true,"href":"https:\/\/educaedtech.com\/de\/wp-json\/wp\/v2\/comments?post=1131"}],"version-history":[{"count":46,"href":"https:\/\/educaedtech.com\/de\/wp-json\/wp\/v2\/pages\/1131\/revisions"}],"predecessor-version":[{"id":1319,"href":"https:\/\/educaedtech.com\/de\/wp-json\/wp\/v2\/pages\/1131\/revisions\/1319"}],"wp:attachment":[{"href":"https:\/\/educaedtech.com\/de\/wp-json\/wp\/v2\/media?parent=1131"}],"curies":[{"name":"wp","href":"https:\/\/api.w.org\/{rel}","templated":true}]}}