{"id":1359,"date":"2024-01-19T11:46:33","date_gmt":"2024-01-19T10:46:33","guid":{"rendered":"https:\/\/educaedtech.com\/?page_id=1359"},"modified":"2024-01-19T11:47:22","modified_gmt":"2024-01-19T10:47:22","slug":"politica-de-privacidad","status":"publish","type":"page","link":"https:\/\/educaedtech.com\/de\/privacy-policy\/","title":{"rendered":"Datenschutzbestimmungen"},"content":{"rendered":"<div data-elementor-type=\"wp-page\" data-elementor-id=\"1359\" class=\"elementor elementor-1359\" data-elementor-post-type=\"page\">\n\t\t\t\t<div class=\"elementor-element elementor-element-371d4e5 e-con-full e-flex e-con e-parent\" data-id=\"371d4e5\" data-element_type=\"container\" data-settings=\"{&quot;background_background&quot;:&quot;classic&quot;}\">\n\t\t\t\t<\/div>\n\t\t<div class=\"elementor-element elementor-element-c0987d0 e-flex e-con-boxed e-con e-parent\" data-id=\"c0987d0\" data-element_type=\"container\">\n\t\t\t\t\t<div class=\"e-con-inner\">\n\t\t\t\t<div class=\"elementor-element elementor-element-8c79bde elementor-widget elementor-widget-heading\" data-id=\"8c79bde\" data-element_type=\"widget\" data-widget_type=\"heading.default\">\n\t\t\t\t<div class=\"elementor-widget-container\">\n\t\t\t<h1 class=\"elementor-heading-title elementor-size-default\">Datenschutzbestimmungen<\/h1>\t\t<\/div>\n\t\t\t\t<\/div>\n\t\t\t\t<div class=\"elementor-element elementor-element-1c1a22a elementor-widget elementor-widget-text-editor\" data-id=\"1c1a22a\" data-element_type=\"widget\" data-widget_type=\"text-editor.default\">\n\t\t\t\t<div class=\"elementor-widget-container\">\n\t\t\t\t\t\t\t<div class=\"elementor-element elementor-element-b9feb77 e-flex e-con-boxed e-con e-parent\" data-id=\"b9feb77\" data-element_type=\"container\" data-settings=\"{&quot;content_width&quot;:&quot;boxed&quot;}\" data-core-v316-plus=\"true\">\n<div class=\"e-con-inner\">\n<div class=\"elementor-element elementor-element-154ea36 elementor-widget elementor-widget-heading\" data-id=\"154ea36\" data-element_type=\"widget\" data-widget_type=\"heading.default\">\n<div class=\"elementor-widget-container\">\n<h2 class=\"elementor-heading-title elementor-size-default\"><span style=\"font-size: 16px;\">Wir sind der festen \u00dcberzeugung, dass Sie wissen sollten, welche Daten wir \u00fcber Sie erheben und wie wir sie verwenden, und auch, wie Sie in beiden F\u00e4llen vorgehen k\u00f6nnen. Deshalb m\u00f6chten wir Ihnen die M\u00f6glichkeit geben, die beste Entscheidung \u00fcber die Informationen zu treffen, die Sie mit uns teilen.<\/span><\/h2>\n<\/div>\n<\/div>\n<\/div>\n<\/div>\n<div class=\"elementor-element elementor-element-dac091a e-flex e-con-boxed e-con e-parent\" data-id=\"dac091a\" data-element_type=\"container\" data-settings=\"{&quot;content_width&quot;:&quot;boxed&quot;}\" data-core-v316-plus=\"true\">\n<div class=\"e-con-inner\">\n<div class=\"elementor-element elementor-element-4c57456 elementor-widget elementor-widget-text-editor\" data-id=\"4c57456\" data-element_type=\"widget\" data-widget_type=\"text-editor.default\">\n<div class=\"elementor-widget-container\">\n<p>Dies ist das Hauptziel dieser Datenschutzrichtlinie.<\/p>\n<\/div>\n<\/div>\n<div class=\"elementor-element elementor-element-89a95d3 elementor-widget elementor-widget-heading\" data-id=\"89a95d3\" data-element_type=\"widget\" data-widget_type=\"heading.default\">\n<div class=\"elementor-widget-container\">\n<h3 class=\"elementor-heading-title elementor-size-default\">Grundlegende Informationen zum Datenschutz<\/h3>\n<\/div>\n<\/div>\n<div class=\"elementor-element elementor-element-7ea2f5c elementor-widget elementor-widget-text-editor\" data-id=\"7ea2f5c\" data-element_type=\"widget\" data-widget_type=\"text-editor.default\">\n<div class=\"elementor-widget-container\">\n<ul>\n<li><strong>NAME DES UNTERNEHMENS<\/strong>: EDUCA EDTECH, B.V.<\/li>\n<li><strong>Zweck:<\/strong>\u00a0Lerndienstleistungen, Ausbildung, Beratung und Investitionen in die Bildung<\/li>\n<li><strong>Autorisierung:<\/strong>\u00a0die Zustimmung der betroffenen Person und der Abschluss eines Vertrags, der diese Partei einbezieht.<\/li>\n<li><strong>Vorgesehene Adressaten:<\/strong>\u00a0f\u00fcr die Datenverarbeitung Verantwortliche<\/li>\n<li><strong>Rechte:<\/strong>\u00a0Zugang, Berichtigung und L\u00f6schung aller Daten sowie weitere Rechte, wie unter \"Zus\u00e4tzliche Informationen\" angegeben.<\/li>\n<\/ul>\n<\/div>\n<\/div>\n<div class=\"elementor-element elementor-element-3fa8ce8 elementor-widget elementor-widget-heading\" data-id=\"3fa8ce8\" data-element_type=\"widget\" data-widget_type=\"heading.default\">\n<div class=\"elementor-widget-container\">\n<h3 class=\"elementor-heading-title elementor-size-default\">2) Wer ist f\u00fcr Ihre Daten verantwortlich?<\/h3>\n<\/div>\n<\/div>\n<div class=\"elementor-element elementor-element-7681338 elementor-widget elementor-widget-text-editor\" data-id=\"7681338\" data-element_type=\"widget\" data-widget_type=\"text-editor.default\">\n<div class=\"elementor-widget-container\">\n<ul>\n<li><strong>NAME DES UNTERNEHMENS<\/strong>: EDUCA EDTECH, B.V.<\/li>\n<li><strong>KVK-Register<\/strong>: 86269941<\/li>\n<li><strong>\u00dcBRIGENS:<\/strong>GEBURTSDATUM : NL863915887B01<\/li>\n<li><strong>ADRESSE<\/strong>Weteringschans 165 C, 1017 XD - Amsterdam<\/li>\n<li><strong>E-Mail<\/strong>:\u00a0<a href=\"mailto:business@educa-edtech\">business@educa-edtech<\/a>.com<\/li>\n<\/ul>\n<\/div>\n<\/div>\n<div class=\"elementor-element elementor-element-03e69f5 elementor-widget elementor-widget-heading\" data-id=\"03e69f5\" data-element_type=\"widget\" data-widget_type=\"heading.default\">\n<div class=\"elementor-widget-container\">\n<h3 class=\"elementor-heading-title elementor-size-default\">3. Geltendes Recht<\/h3>\n<\/div>\n<\/div>\n<div class=\"elementor-element elementor-element-d081828 elementor-widget elementor-widget-text-editor\" data-id=\"d081828\" data-element_type=\"widget\" data-widget_type=\"text-editor.default\">\n<div class=\"elementor-widget-container\">\n<p>Unsere Datenschutzrichtlinie wurde in \u00dcbereinstimmung mit der Verordnung (EU) 2016\/679 des Europ\u00e4ischen Parlaments und des Rates vom 27. April 2016 zum Schutz nat\u00fcrlicher Personen bei der Verarbeitung personenbezogener Daten, zum freien Datenverkehr und zur Aufhebung der Richtlinie 95\/46\/EG (Datenschutz-Grundverordnung) sowie dem Organgesetz 3\/2018 vom 5. Dezember \u00fcber personenbezogene Daten und die Garantie digitaler Rechte erstellt.<\/p>\n<p>Indem Sie uns Ihre Daten zur Verf\u00fcgung stellen, erkl\u00e4ren Sie, dass Sie die vorliegende Datenschutzerkl\u00e4rung gelesen und zur Kenntnis genommen haben, und geben somit Ihre freie, spezifizierte, informierte und unmissverst\u00e4ndliche Zustimmung zur Behandlung der besagten pers\u00f6nlichen Daten in \u00dcbereinstimmung mit dem Zweck und den Bedingungen, die hierin festgelegt sind.<\/p>\n<p>Diese Datenschutzbestimmungen werden durch den Haftungsausschluss, die Cookie-Richtlinie und die Allgemeinen Gesch\u00e4ftsbedingungen erg\u00e4nzt, die in Ihrem Fall auf bestimmte Produkte oder Dienstleistungen angewandt werden k\u00f6nnen, wenn der Zugang zu diesen ein zus\u00e4tzliches Verfahren zum Schutz personenbezogener Daten beinhaltet.<\/p>\n<\/div>\n<\/div>\n<div class=\"elementor-element elementor-element-a6068f8 elementor-widget elementor-widget-heading\" data-id=\"a6068f8\" data-element_type=\"widget\" data-widget_type=\"heading.default\">\n<div class=\"elementor-widget-container\">\n<h3 class=\"elementor-heading-title elementor-size-default\">4. Zweck der Datenverarbeitung und berechtigte Interessen<\/h3>\n<\/div>\n<\/div>\n<div class=\"elementor-element elementor-element-dcdec63 elementor-widget elementor-widget-text-editor\" data-id=\"dcdec63\" data-element_type=\"widget\" data-widget_type=\"text-editor.default\">\n<div class=\"elementor-widget-container\">\n<p>Die Zwecke und berechtigten Interessen hinsichtlich der Verarbeitung personenbezogener Daten durch EDUCA EDTECH sind im folgenden Abschnitt aufgef\u00fchrt:<\/p>\n<ul>\n<li>Einwilligung der betroffenen Person (Art. 6.1.a) GDPR):<\/li>\n<li>Um Ihnen Informationen \u00fcber unsere Lern-, Schulungs-, Beratungs- und Bildungsinvestitionsdienste zukommen zu lassen.<\/li>\n<li>Vertragsdurchf\u00fchrung und vorvertragliche Ma\u00dfnahmen (Artikel 6.1.b) GDPR):<\/li>\n<li>Ausf\u00fchrung der vertraglich vereinbarten Dienstleistung oder Formalisierung der bestehenden Beziehung.<\/li>\n<li>Notwendige Kommunikation f\u00fcr die Aufrechterhaltung des Vertragsverh\u00e4ltnisses.<\/li>\n<li>Erf\u00fcllung einer gesetzlichen Verpflichtung (Artikel 6.1.c) GDPR):<\/li>\n<li>\u00dcbermittlung von Informationen an Beh\u00f6rden, Aufsichtsbeh\u00f6rden oder Regierungsstellen in den F\u00e4llen, in denen dies aufgrund von Gesetzen, \u00f6rtlichen Vorschriften oder zur Erf\u00fcllung von gesetzlichen Verpflichtungen erforderlich ist.<\/li>\n<\/ul>\n<\/div>\n<\/div>\n<div class=\"elementor-element elementor-element-1f4e18b elementor-widget elementor-widget-heading\" data-id=\"1f4e18b\" data-element_type=\"widget\" data-widget_type=\"heading.default\">\n<div class=\"elementor-widget-container\">\n<h3 class=\"elementor-heading-title elementor-size-default\">5) Wer erh\u00e4lt Ihre pers\u00f6nlichen Daten?<\/h3>\n<\/div>\n<\/div>\n<div class=\"elementor-element elementor-element-86fe3c2 elementor-widget elementor-widget-text-editor\" data-id=\"86fe3c2\" data-element_type=\"widget\" data-widget_type=\"text-editor.default\">\n<div class=\"elementor-widget-container\">\n<p>Ihre pers\u00f6nlichen Daten k\u00f6nnen an Unternehmen weitergegeben werden, die mit dem Inhaber der Datenverarbeitung zusammenarbeiten, wenn dies f\u00fcr die Erf\u00fcllung der oben genannten Zwecke erforderlich ist, damit diese auf verschiedenen Wegen Informationen \u00fcber Produkte und Dienstleistungen in den Bereichen Ausbildung, Besch\u00e4ftigung, redaktionelle Produkte und neue Technologien bereitstellen k\u00f6nnen, wobei in jedem Fall die von der geltenden Gesetzgebung zum Schutz pers\u00f6nlicher Daten geforderten Sicherheitsma\u00dfnahmen sowie die allgemeinen Qualit\u00e4ts- und Datenschutzrichtlinien des Unternehmens eingehalten werden.<\/p>\n<p>Mit Ausnahme der im vorstehenden Absatz enthaltenen Bestimmungen,\u00a0<strong>EDUCA EDTECH<\/strong>\u00a0gibt die Daten des Nutzers nicht an Dritte weiter, es sei denn, dies wird von den zust\u00e4ndigen Beh\u00f6rden verlangt.<\/p>\n<\/div>\n<\/div>\n<div class=\"elementor-element elementor-element-5afb50b elementor-widget elementor-widget-heading\" data-id=\"5afb50b\" data-element_type=\"widget\" data-widget_type=\"heading.default\">\n<div class=\"elementor-widget-container\">\n<h3 class=\"elementor-heading-title elementor-size-default\">6. F\u00fchren wir internationale Daten\u00fcbermittlungen durch?<\/h3>\n<\/div>\n<\/div>\n<div class=\"elementor-element elementor-element-bfa906e elementor-widget elementor-widget-text-editor\" data-id=\"bfa906e\" data-element_type=\"widget\" data-widget_type=\"text-editor.default\">\n<div class=\"elementor-widget-container\">\n<p>Internationale Daten\u00fcbermittlungen werden nicht durchgef\u00fchrt<\/p>\n<\/div>\n<\/div>\n<div class=\"elementor-element elementor-element-bd88d5e elementor-widget elementor-widget-heading\" data-id=\"bd88d5e\" data-element_type=\"widget\" data-widget_type=\"heading.default\">\n<div class=\"elementor-widget-container\">\n<h3 class=\"elementor-heading-title elementor-size-default\">7. Wie lange speichern wir Ihre personenbezogenen Daten?<\/h3>\n<\/div>\n<\/div>\n<div class=\"elementor-element elementor-element-1992b41 elementor-widget elementor-widget-text-editor\" data-id=\"1992b41\" data-element_type=\"widget\" data-widget_type=\"text-editor.default\">\n<div class=\"elementor-widget-container\">\n<p>Die \u00fcbermittelten personenbezogenen Daten werden aufbewahrt, es sei denn, die betroffene Person verlangt ihre L\u00f6schung. In jedem Fall werden Ihre personenbezogenen Daten f\u00fcr den Zeitraum aufbewahrt, der f\u00fcr die wirksame Erf\u00fcllung des Zwecks, f\u00fcr den sie erhoben wurden, erforderlich ist, und f\u00fcr den Zeitraum, der in den geltenden gesetzlichen Bestimmungen festgelegt ist, es sei denn, die Einwilligung wird widerrufen oder das Recht auf Einschr\u00e4nkung der Behandlung wird ausge\u00fcbt. In diesen F\u00e4llen werden Ihre Daten w\u00e4hrend der gesetzlich festgelegten Fristen gesperrt.<\/p>\n<\/div>\n<\/div>\n<div class=\"elementor-element elementor-element-b5e3cf8 elementor-widget elementor-widget-heading\" data-id=\"b5e3cf8\" data-element_type=\"widget\" data-widget_type=\"heading.default\">\n<div class=\"elementor-widget-container\">\n<h3 class=\"elementor-heading-title elementor-size-default\">8. welche Sicherheitsma\u00dfnahmen werden wir anwenden?<\/h3>\n<\/div>\n<\/div>\n<div class=\"elementor-element elementor-element-77aaa04 elementor-widget elementor-widget-text-editor\" data-id=\"77aaa04\" data-element_type=\"widget\" data-widget_type=\"text-editor.default\">\n<div class=\"elementor-widget-container\">\n<p><strong>EDUCA EDTECH<\/strong>\u00a0und die mit ihr zusammenarbeitenden Einrichtungen behandeln Ihre personenbezogenen Daten streng vertraulich und wenden die in den geltenden Rechtsvorschriften festgelegten technischen und organisatorischen Sicherheitsma\u00dfnahmen an.<\/p>\n<\/div>\n<\/div>\n<div class=\"elementor-element elementor-element-0ba0fc5 elementor-widget elementor-widget-heading\" data-id=\"0ba0fc5\" data-element_type=\"widget\" data-widget_type=\"heading.default\">\n<div class=\"elementor-widget-container\">\n<h3 class=\"elementor-heading-title elementor-size-default\">9. welche Rechte k\u00f6nnen Sie aus\u00fcben?<\/h3>\n<\/div>\n<\/div>\n<div class=\"elementor-element elementor-element-7939af5 elementor-widget elementor-widget-text-editor\" data-id=\"7939af5\" data-element_type=\"widget\" data-widget_type=\"text-editor.default\">\n<div class=\"elementor-widget-container\">\n<p>Der Nutzer hat die folgenden Rechte in Bezug auf die Behandlung seiner pers\u00f6nlichen Daten:<\/p>\n<ul>\n<li>Recht auf Zugang zu ihren pers\u00f6nlichen Daten.<\/li>\n<li>das Recht, die Berichtigung der Daten zu verlangen, wenn sie unrichtig sind, oder ihre L\u00f6schung zu beantragen (z. B. wenn sie der Ansicht sind, dass sie f\u00fcr die Zwecke, f\u00fcr die sie erhoben wurden, nicht mehr erforderlich sind).<\/li>\n<li>Recht, die Einschr\u00e4nkung ihrer Verarbeitung zu verlangen, sofern eine der in den Verordnungen festgelegten Bedingungen erf\u00fcllt ist; in diesem Fall werden wir sie nur zur Geltendmachung oder Verteidigung von Anspr\u00fcchen speichern.<\/li>\n<li>Recht auf Widerspruch gegen die Verarbeitung Ihrer Daten; in diesem Fall stellen wir die Verarbeitung Ihrer Daten ein, es sei denn, es liegen zwingende berechtigte Gr\u00fcnde vor oder es geht um die Geltendmachung oder Verteidigung etwaiger Anspr\u00fcche.<\/li>\n<li>Recht auf Daten\u00fcbertragbarkeit.<\/li>\n<li>Recht auf Widerruf der Einwilligung f\u00fcr jeden einzelnen Zweck, ohne dass dadurch die Rechtm\u00e4\u00dfigkeit der auf der Einwilligung beruhenden Behandlung vor deren Widerruf ber\u00fchrt wird.<\/li>\n<li>Recht auf Einreichung einer Beschwerde bei der spanischen Datenschutzbeh\u00f6rde (zust\u00e4ndige Kontrollbeh\u00f6rde f\u00fcr den Datenschutz), insbesondere wenn sie mit der Aus\u00fcbung ihrer Rechte nicht zufrieden sind: Beschwerde.<\/li>\n<\/ul>\n<p>Ebenso k\u00f6nnen Sie gem\u00e4\u00df den Bestimmungen des Gesetzes 34\/2002 vom 11. Juli \u00fcber die Dienstleistungen der Gesellschaft f\u00fcr Information und elektronischen Handel Ihren Wunsch, in Zukunft keine elektronischen kommerziellen Mitteilungen zu erhalten, durch eine E-Mail an die folgende Adresse business@educa-edtech.com zum Ausdruck bringen.<\/p>\n<\/div>\n<\/div>\n<div class=\"elementor-element elementor-element-65b3bc5 elementor-widget elementor-widget-heading\" data-id=\"65b3bc5\" data-element_type=\"widget\" data-widget_type=\"heading.default\">\n<div class=\"elementor-widget-container\">\n<h3 class=\"elementor-heading-title elementor-size-default\">10. Wie k\u00f6nnen Sie Ihre Rechte wahrnehmen?<\/h3>\n<\/div>\n<\/div>\n<div class=\"elementor-element elementor-element-b975943 elementor-widget elementor-widget-text-editor\" data-id=\"b975943\" data-element_type=\"widget\" data-widget_type=\"text-editor.default\">\n<div class=\"elementor-widget-container\">\n<p>Wir haben Formulare f\u00fcr die Aus\u00fcbung Ihrer Rechte, die Sie \u00fcber die folgende E-Mail-Adresse anfordern k\u00f6nnen: business@educa-edtech.com.<\/p>\n<p>Diese Formulare sind elektronisch zu unterzeichnen oder mit einer Fotokopie des g\u00fcltigen Personalausweises oder Reisepasses zu versehen.<\/p>\n<p>Diese Formulare k\u00f6nnen pers\u00f6nlich in der Weteringschans 165 C, 1017 XD Amsterdam abgegeben werden.<\/p>\n<\/div>\n<\/div>\n<div class=\"elementor-element elementor-element-6ab7faa elementor-widget elementor-widget-heading\" data-id=\"6ab7faa\" data-element_type=\"widget\" data-widget_type=\"heading.default\">\n<div class=\"elementor-widget-container\">\n<h3 class=\"elementor-heading-title elementor-size-default\">11. Welcher Zeitpunkt wurde festgelegt, um eine L\u00f6sung f\u00fcr die Aus\u00fcbung der Rechte zu finden?<\/h3>\n<\/div>\n<\/div>\n<div class=\"elementor-element elementor-element-1769d64 elementor-widget elementor-widget-text-editor\" data-id=\"1769d64\" data-element_type=\"widget\" data-widget_type=\"text-editor.default\">\n<div class=\"elementor-widget-container\">\n<p>Wir werden Sie innerhalb eines Monats \u00fcber die Ma\u00dfnahmen informieren, die sich aus Ihrem Antrag ergeben, wobei diese Frist bei besonders komplexen Antr\u00e4gen um zwei weitere Monate verl\u00e4ngert werden kann.<\/p>\n<p>Wird Ihrem Antrag nicht stattgegeben, so werden Sie hiervon ordnungsgem\u00e4\u00df unterrichtet; in diesem Fall verf\u00fcgen Sie \u00fcber eine Frist von einem Monat, um Ihre Behauptungen vorzubringen.<\/p>\n<\/div>\n<\/div>\n<div class=\"elementor-element elementor-element-021f8ab elementor-widget elementor-widget-heading\" data-id=\"021f8ab\" data-element_type=\"widget\" data-widget_type=\"heading.default\">\n<div class=\"elementor-widget-container\">\n<h3 class=\"elementor-heading-title elementor-size-default\">12. Wie haben wir Ihre pers\u00f6nlichen Daten erhalten?<\/h3>\n<\/div>\n<\/div>\n<div class=\"elementor-element elementor-element-de85ed1 elementor-widget elementor-widget-text-editor\" data-id=\"de85ed1\" data-element_type=\"widget\" data-widget_type=\"text-editor.default\">\n<div class=\"elementor-widget-container\">\n<p>Durch das Ausf\u00fcllen der Formulare, das Ankreuzen des K\u00e4stchens \"Ich akzeptiere die Datenschutzbestimmungen\" und das Anklicken der Daten\u00fcbermittlung oder durch das Versenden von E-Mails an das Unternehmen \u00fcber die zu diesem Zweck aktivierten Konten erkl\u00e4rt der Nutzer, dass er die vorliegenden Datenschutzbestimmungen gelesen und ausdr\u00fccklich akzeptiert hat und seine unmissverst\u00e4ndliche und ausdr\u00fcckliche Zustimmung zur Verarbeitung seiner personenbezogenen Daten gem\u00e4\u00df den mitgeteilten Zwecken erteilt.<\/p>\n<p>In \u00dcbereinstimmung mit den in Abschnitt 2 genannten Zwecken werden folgende Datenkategorien verarbeitet:<\/p>\n<ul>\n<li>Identifizierungsdaten: Vor- und Nachname(n), Telefon und E-Mail.<\/li>\n<\/ul>\n<\/div>\n<\/div>\n<div class=\"elementor-element elementor-element-3c0786a elementor-widget elementor-widget-heading\" data-id=\"3c0786a\" data-element_type=\"widget\" data-widget_type=\"heading.default\">\n<div class=\"elementor-widget-container\">\n<h3 class=\"elementor-heading-title elementor-size-default\">12.1 Was passiert, wenn ich keine meiner Daten zur Verf\u00fcgung stelle?<\/h3>\n<\/div>\n<\/div>\n<div class=\"elementor-element elementor-element-9c0dfee elementor-widget elementor-widget-text-editor\" data-id=\"9c0dfee\" data-element_type=\"widget\" data-widget_type=\"text-editor.default\">\n<div class=\"elementor-widget-container\">\n<p>Die Pflichtangaben werden in den Formularen zur Informationserhebung gekennzeichnet. Wenn Sie sich daf\u00fcr entscheiden, uns keine dieser obligatorischen Daten zur Verf\u00fcgung zu stellen, k\u00f6nnen wir den beabsichtigten Zweck nicht erf\u00fcllen und die Daten werden nicht verarbeitet und der entsprechende Dienst wird nicht bereitgestellt. Falls auf der Grundlage der bereitgestellten Informationen ein \"kommerzielles Profil\" erstellt wird, werden keine automatisierten Entscheidungen mit Rechtswirkung f\u00fcr den Nutzer getroffen.<\/p>\n<p>Sie garantieren, dass die von Ihnen zur Verf\u00fcgung gestellten pers\u00f6nlichen Daten wahrheitsgetreu und korrekt sind, und Sie sind daf\u00fcr verantwortlich, uns \u00fcber jede \u00c4nderung dieser Daten zu informieren. F\u00fcr den Fall, dass die zur Verf\u00fcgung gestellten Daten einem Dritten geh\u00f6ren, garantiert der Nutzer, dass er diesen Dritten \u00fcber die in diesem Dokument enthaltenen Aspekte informiert und seine Genehmigung zur Bereitstellung seiner Daten erhalten hat.<\/p>\n<\/div>\n<\/div>\n<div class=\"elementor-element elementor-element-8a38187 elementor-widget elementor-widget-heading\" data-id=\"8a38187\" data-element_type=\"widget\" data-widget_type=\"heading.default\">\n<div class=\"elementor-widget-container\">\n<h3 class=\"elementor-heading-title elementor-size-default\">13. Soziale Netzwerke<\/h3>\n<\/div>\n<\/div>\n<div class=\"elementor-element elementor-element-bada6d4 elementor-widget elementor-widget-text-editor\" data-id=\"bada6d4\" data-element_type=\"widget\" data-widget_type=\"text-editor.default\">\n<div class=\"elementor-widget-container\">\n<p>Die Profile in den sozialen Netzwerken, die EDUCA EDTECH geh\u00f6ren, f\u00fchren nicht zu einer Datenverarbeitung, die \u00fcber das hinausgeht, was das soziale Netzwerk selbst f\u00fcr Unternehmensprofile erlaubt. Das Unternehmen kann diese Profile nutzen, um die Nutzer der einzelnen sozialen Netzwerke, die das Profil des Unternehmens abonniert haben, \u00fcber seine Aktivit\u00e4ten, Veranstaltungen, Seminare, Angebote, Werbeaktionen oder Neuigkeiten \u00fcber seine Produkte oder Dienstleistungen zu informieren sowie Informationen von Interesse \u00fcber die \u00fcblichen Themen innerhalb des Unternehmens zu teilen. Das Unternehmen wird keine Daten direkt aus dem sozialen Netzwerk extrahieren.<\/p>\n<\/div>\n<\/div>\n<\/div>\n<\/div>\t\t\t\t\t\t<\/div>\n\t\t\t\t<\/div>\n\t\t\t\t\t<\/div>\n\t\t\t\t<\/div>\n\t\t\t\t<\/div>","protected":false},"excerpt":{"rendered":"<p>Datenschutzerkl\u00e4rung Wir sind der festen \u00dcberzeugung, dass Sie wissen sollten, welche Daten wir \u00fcber Sie sammeln und wie wir sie verwenden [...]<\/p>","protected":false},"author":1,"featured_media":0,"parent":0,"menu_order":0,"comment_status":"closed","ping_status":"closed","template":"","meta":{"_acf_changed":false,"site-sidebar-layout":"no-sidebar","site-content-layout":"","ast-site-content-layout":"full-width-container","site-content-style":"default","site-sidebar-style":"default","ast-global-header-display":"","ast-banner-title-visibility":"","ast-main-header-display":"","ast-hfb-above-header-display":"","ast-hfb-below-header-display":"","ast-hfb-mobile-header-display":"","site-post-title":"disabled","ast-breadcrumbs-content":"","ast-featured-img":"disabled","footer-sml-layout":"","theme-transparent-header-meta":"","adv-header-id-meta":"","stick-header-meta":"","header-above-stick-meta":"","header-main-stick-meta":"","header-below-stick-meta":"","astra-migrate-meta-layouts":"default","ast-page-background-enabled":"default","ast-page-background-meta":{"desktop":{"background-color":"var(--ast-global-color-4)","background-image":"","background-repeat":"repeat","background-position":"center center","background-size":"auto","background-attachment":"scroll","background-type":"","background-media":"","overlay-type":"","overlay-color":"","overlay-opacity":"","overlay-gradient":""},"tablet":{"background-color":"","background-image":"","background-repeat":"repeat","background-position":"center center","background-size":"auto","background-attachment":"scroll","background-type":"","background-media":"","overlay-type":"","overlay-color":"","overlay-opacity":"","overlay-gradient":""},"mobile":{"background-color":"","background-image":"","background-repeat":"repeat","background-position":"center center","background-size":"auto","background-attachment":"scroll","background-type":"","background-media":"","overlay-type":"","overlay-color":"","overlay-opacity":"","overlay-gradient":""}},"ast-content-background-meta":{"desktop":{"background-color":"var(--ast-global-color-5)","background-image":"","background-repeat":"repeat","background-position":"center center","background-size":"auto","background-attachment":"scroll","background-type":"","background-media":"","overlay-type":"","overlay-color":"","overlay-opacity":"","overlay-gradient":""},"tablet":{"background-color":"var(--ast-global-color-5)","background-image":"","background-repeat":"repeat","background-position":"center center","background-size":"auto","background-attachment":"scroll","background-type":"","background-media":"","overlay-type":"","overlay-color":"","overlay-opacity":"","overlay-gradient":""},"mobile":{"background-color":"var(--ast-global-color-5)","background-image":"","background-repeat":"repeat","background-position":"center center","background-size":"auto","background-attachment":"scroll","background-type":"","background-media":"","overlay-type":"","overlay-color":"","overlay-opacity":"","overlay-gradient":""}},"footnotes":""},"class_list":["post-1359","page","type-page","status-publish","hentry"],"acf":[],"yoast_head":"<!-- This site is optimized with the Yoast SEO plugin v23.4 - https:\/\/yoast.com\/wordpress\/plugins\/seo\/ -->\n<title>Pol\u00edtica de privacidad - Grupo EDUCA EDTECH<\/title>\n<meta name=\"robots\" content=\"index, follow, max-snippet:-1, max-image-preview:large, max-video-preview:-1\" \/>\n<link rel=\"canonical\" href=\"https:\/\/educaedtech.com\/de\/privacy-policy\/\" \/>\n<meta property=\"og:locale\" content=\"de_DE\" \/>\n<meta property=\"og:type\" content=\"article\" \/>\n<meta property=\"og:title\" content=\"Pol\u00edtica de privacidad - Grupo EDUCA EDTECH\" \/>\n<meta property=\"og:description\" content=\"Privacy Policy We firmly believe that you should know the data we collect about you and how do we use [&hellip;]\" \/>\n<meta property=\"og:url\" content=\"https:\/\/educaedtech.com\/de\/privacy-policy\/\" \/>\n<meta property=\"og:site_name\" content=\"Grupo EDUCA EDTECH\" \/>\n<meta property=\"article:modified_time\" content=\"2024-01-19T10:47:22+00:00\" \/>\n<meta name=\"twitter:card\" content=\"summary_large_image\" \/>\n<meta name=\"twitter:label1\" content=\"Gesch\u00e4tzte Lesezeit\" \/>\n\t<meta name=\"twitter:data1\" content=\"13\u00a0Minuten\" \/>\n<script type=\"application\/ld+json\" class=\"yoast-schema-graph\">{\"@context\":\"https:\/\/schema.org\",\"@graph\":[{\"@type\":\"WebPage\",\"@id\":\"https:\/\/educaedtech.com\/de\/privacy-policy\/\",\"url\":\"https:\/\/educaedtech.com\/de\/privacy-policy\/\",\"name\":\"Pol\u00edtica de privacidad - Grupo EDUCA EDTECH\",\"isPartOf\":{\"@id\":\"https:\/\/educaedtech.com\/de\/#website\"},\"datePublished\":\"2024-01-19T10:46:33+00:00\",\"dateModified\":\"2024-01-19T10:47:22+00:00\",\"breadcrumb\":{\"@id\":\"https:\/\/educaedtech.com\/de\/privacy-policy\/#breadcrumb\"},\"inLanguage\":\"de\",\"potentialAction\":[{\"@type\":\"ReadAction\",\"target\":[\"https:\/\/educaedtech.com\/de\/privacy-policy\/\"]}]},{\"@type\":\"BreadcrumbList\",\"@id\":\"https:\/\/educaedtech.com\/de\/privacy-policy\/#breadcrumb\",\"itemListElement\":[{\"@type\":\"ListItem\",\"position\":1,\"name\":\"Home\",\"item\":\"https:\/\/educaedtech.com\/\"},{\"@type\":\"ListItem\",\"position\":2,\"name\":\"Pol\u00edtica de privacidad\"}]},{\"@type\":\"WebSite\",\"@id\":\"https:\/\/educaedtech.com\/de\/#website\",\"url\":\"https:\/\/educaedtech.com\/de\/\",\"name\":\"Grupo EDUCA EDTECH\",\"description\":\"\",\"publisher\":{\"@id\":\"https:\/\/educaedtech.com\/de\/#organization\"},\"potentialAction\":[{\"@type\":\"SearchAction\",\"target\":{\"@type\":\"EntryPoint\",\"urlTemplate\":\"https:\/\/educaedtech.com\/de\/?s={search_term_string}\"},\"query-input\":{\"@type\":\"PropertyValueSpecification\",\"valueRequired\":true,\"valueName\":\"search_term_string\"}}],\"inLanguage\":\"de\"},{\"@type\":\"Organization\",\"@id\":\"https:\/\/educaedtech.com\/de\/#organization\",\"name\":\"Grupo EDUCA EDTECH\",\"url\":\"https:\/\/educaedtech.com\/de\/\",\"logo\":{\"@type\":\"ImageObject\",\"inLanguage\":\"de\",\"@id\":\"https:\/\/educaedtech.com\/de\/#\/schema\/logo\/image\/\",\"url\":\"https:\/\/educaedtech.com\/wp-content\/uploads\/2024\/01\/Logo-Educa-Edtech-Group-Blanco.svg\",\"contentUrl\":\"https:\/\/educaedtech.com\/wp-content\/uploads\/2024\/01\/Logo-Educa-Edtech-Group-Blanco.svg\",\"width\":317,\"height\":108,\"caption\":\"Grupo EDUCA EDTECH\"},\"image\":{\"@id\":\"https:\/\/educaedtech.com\/de\/#\/schema\/logo\/image\/\"}}]}<\/script>\n<!-- \/ Yoast SEO plugin. -->","yoast_head_json":{"title":"Pol\u00edtica de privacidad - Grupo EDUCA EDTECH","robots":{"index":"index","follow":"follow","max-snippet":"max-snippet:-1","max-image-preview":"max-image-preview:large","max-video-preview":"max-video-preview:-1"},"canonical":"https:\/\/educaedtech.com\/de\/privacy-policy\/","og_locale":"de_DE","og_type":"article","og_title":"Pol\u00edtica de privacidad - Grupo EDUCA EDTECH","og_description":"Privacy Policy We firmly believe that you should know the data we collect about you and how do we use [&hellip;]","og_url":"https:\/\/educaedtech.com\/de\/privacy-policy\/","og_site_name":"Grupo EDUCA EDTECH","article_modified_time":"2024-01-19T10:47:22+00:00","twitter_card":"summary_large_image","twitter_misc":{"Gesch\u00e4tzte Lesezeit":"13\u00a0Minuten"},"schema":{"@context":"https:\/\/schema.org","@graph":[{"@type":"WebPage","@id":"https:\/\/educaedtech.com\/de\/privacy-policy\/","url":"https:\/\/educaedtech.com\/de\/privacy-policy\/","name":"Pol\u00edtica de privacidad - Grupo EDUCA EDTECH","isPartOf":{"@id":"https:\/\/educaedtech.com\/de\/#website"},"datePublished":"2024-01-19T10:46:33+00:00","dateModified":"2024-01-19T10:47:22+00:00","breadcrumb":{"@id":"https:\/\/educaedtech.com\/de\/privacy-policy\/#breadcrumb"},"inLanguage":"de","potentialAction":[{"@type":"ReadAction","target":["https:\/\/educaedtech.com\/de\/privacy-policy\/"]}]},{"@type":"BreadcrumbList","@id":"https:\/\/educaedtech.com\/de\/privacy-policy\/#breadcrumb","itemListElement":[{"@type":"ListItem","position":1,"name":"Home","item":"https:\/\/educaedtech.com\/"},{"@type":"ListItem","position":2,"name":"Pol\u00edtica de privacidad"}]},{"@type":"WebSite","@id":"https:\/\/educaedtech.com\/de\/#website","url":"https:\/\/educaedtech.com\/de\/","name":"Grupo EDUCA EDTECH","description":"","publisher":{"@id":"https:\/\/educaedtech.com\/de\/#organization"},"potentialAction":[{"@type":"SearchAction","target":{"@type":"EntryPoint","urlTemplate":"https:\/\/educaedtech.com\/de\/?s={search_term_string}"},"query-input":{"@type":"PropertyValueSpecification","valueRequired":true,"valueName":"search_term_string"}}],"inLanguage":"de"},{"@type":"Organization","@id":"https:\/\/educaedtech.com\/de\/#organization","name":"Grupo EDUCA EDTECH","url":"https:\/\/educaedtech.com\/de\/","logo":{"@type":"ImageObject","inLanguage":"de","@id":"https:\/\/educaedtech.com\/de\/#\/schema\/logo\/image\/","url":"https:\/\/educaedtech.com\/wp-content\/uploads\/2024\/01\/Logo-Educa-Edtech-Group-Blanco.svg","contentUrl":"https:\/\/educaedtech.com\/wp-content\/uploads\/2024\/01\/Logo-Educa-Edtech-Group-Blanco.svg","width":317,"height":108,"caption":"Grupo EDUCA EDTECH"},"image":{"@id":"https:\/\/educaedtech.com\/de\/#\/schema\/logo\/image\/"}}]}},"_links":{"self":[{"href":"https:\/\/educaedtech.com\/de\/wp-json\/wp\/v2\/pages\/1359","targetHints":{"allow":["GET"]}}],"collection":[{"href":"https:\/\/educaedtech.com\/de\/wp-json\/wp\/v2\/pages"}],"about":[{"href":"https:\/\/educaedtech.com\/de\/wp-json\/wp\/v2\/types\/page"}],"author":[{"embeddable":true,"href":"https:\/\/educaedtech.com\/de\/wp-json\/wp\/v2\/users\/1"}],"replies":[{"embeddable":true,"href":"https:\/\/educaedtech.com\/de\/wp-json\/wp\/v2\/comments?post=1359"}],"version-history":[{"count":4,"href":"https:\/\/educaedtech.com\/de\/wp-json\/wp\/v2\/pages\/1359\/revisions"}],"predecessor-version":[{"id":1363,"href":"https:\/\/educaedtech.com\/de\/wp-json\/wp\/v2\/pages\/1359\/revisions\/1363"}],"wp:attachment":[{"href":"https:\/\/educaedtech.com\/de\/wp-json\/wp\/v2\/media?parent=1359"}],"curies":[{"name":"wp","href":"https:\/\/api.w.org\/{rel}","templated":true}]}}