{"id":4709,"date":"2024-09-16T09:10:22","date_gmt":"2024-09-16T07:10:22","guid":{"rendered":"https:\/\/educaedtech.com\/?page_id=4709"},"modified":"2025-08-06T08:26:40","modified_gmt":"2025-08-06T06:26:40","slug":"educa-cloud","status":"publish","type":"page","link":"https:\/\/educaedtech.com\/fr\/nuage-educa\/","title":{"rendered":"Educa Cloud"},"content":{"rendered":"<div data-elementor-type=\"wp-page\" data-elementor-id=\"4709\" class=\"elementor elementor-4709\" data-elementor-post-type=\"page\">\n\t\t\t\t<div class=\"elementor-element elementor-element-c3d4dca e-con-full e-flex e-con e-parent\" data-id=\"c3d4dca\" data-element_type=\"container\" data-settings=\"{&quot;background_background&quot;:&quot;classic&quot;}\">\n\t\t<div class=\"elementor-element elementor-element-dc61561 e-flex e-con-boxed e-con e-child\" data-id=\"dc61561\" data-element_type=\"container\">\n\t\t\t\t\t<div class=\"e-con-inner\">\n\t\t\t\t<div class=\"elementor-element elementor-element-bc3c249 elementor-widget elementor-widget-heading\" data-id=\"bc3c249\" data-element_type=\"widget\" data-widget_type=\"heading.default\">\n\t\t\t\t<div class=\"elementor-widget-container\">\n\t\t\t<h2 class=\"elementor-heading-title elementor-size-default\">L'\u00e9cosyst\u00e8me le plus complet au monde pour la cr\u00e9ation de contenus \u00e9ducatifs\nl'\u00e9cosyst\u00e8me le plus complet au monde<\/h2>\t\t<\/div>\n\t\t\t\t<\/div>\n\t\t\t\t\t<\/div>\n\t\t\t\t<\/div>\n\t\t\t\t<\/div>\n\t\t<div class=\"elementor-element elementor-element-62177a4 e-flex e-con-boxed e-con e-parent\" data-id=\"62177a4\" data-element_type=\"container\">\n\t\t\t\t\t<div class=\"e-con-inner\">\n\t\t<div class=\"elementor-element elementor-element-2af7e9f e-con-full e-flex e-con e-child\" data-id=\"2af7e9f\" data-element_type=\"container\">\n\t\t\t\t<div class=\"elementor-element elementor-element-8cc41dd elementor-widget elementor-widget-heading\" data-id=\"8cc41dd\" data-element_type=\"widget\" data-widget_type=\"heading.default\">\n\t\t\t\t<div class=\"elementor-widget-container\">\n\t\t\t<h2 class=\"elementor-heading-title elementor-size-default\">un \u00e9cosyst\u00e8me de cr\u00e9ation de contenu sp\u00e9cialis\u00e9<\/h2>\t\t<\/div>\n\t\t\t\t<\/div>\n\t\t\t\t<div class=\"elementor-element elementor-element-57f7fa5 elementor-widget elementor-widget-text-editor\" data-id=\"57f7fa5\" data-element_type=\"widget\" data-widget_type=\"text-editor.default\">\n\t\t\t\t<div class=\"elementor-widget-container\">\n\t\t\t\t\t\t\t<p data-renderer-start-pos=\"1\"><strong data-renderer-mark=\"true\">Groupe EDUCA EDTECH<\/strong> a \u00e9t\u00e9 \u00e0 l'avant-garde de la <strong data-renderer-mark=\"true\">l'apprentissage en ligne<\/strong> depuis plus de 20 ans, consolidant sa position comme l'une des plus importantes <strong data-renderer-mark=\"true\">l'autorit\u00e9 dans le secteur<\/strong>. Son objectif va au-del\u00e0 de la <strong data-renderer-mark=\"true\">l'innovation technologique<\/strong>La caract\u00e9ristique la plus importante est la <strong data-renderer-mark=\"true\">la cr\u00e9ation de mat\u00e9riel p\u00e9dagogique de pointe<\/strong>Les principaux produits de l'entreprise sont les suivants <strong data-renderer-mark=\"true\">sp\u00e9cialistes<\/strong>.<\/p><p data-renderer-start-pos=\"711\">Ces contenus proviennent des maisons d'\u00e9dition qui font partie du groupe, ce qui donne lieu \u00e0 <strong data-renderer-mark=\"true\">Educa Cloud<\/strong>les <strong data-renderer-mark=\"true\">centre de r\u00e9f\u00e9rence acad\u00e9mique<\/strong> qui se nourrit de <strong data-renderer-mark=\"true\">contenu propre<\/strong> des domaines de <strong data-renderer-mark=\"true\">Enseignement sup\u00e9rieur<\/strong>, <strong data-renderer-mark=\"true\">Enseignement professionnel<\/strong>, <strong data-renderer-mark=\"true\">oppositions<\/strong> y <strong data-renderer-mark=\"true\">Formation professionnelle<\/strong>.<\/p>\t\t\t\t\t\t<\/div>\n\t\t\t\t<\/div>\n\t\t\t\t<\/div>\n\t\t<div class=\"elementor-element elementor-element-6c6e504 e-con-full e-flex e-con e-child\" data-id=\"6c6e504\" data-element_type=\"container\">\n\t\t\t\t<div class=\"elementor-element elementor-element-178b749 elementor-widget elementor-widget-image\" data-id=\"178b749\" data-element_type=\"widget\" data-widget_type=\"image.default\">\n\t\t\t\t<div class=\"elementor-widget-container\">\n\t\t\t\t\t\t\t\t\t\t\t\t\t<img fetchpriority=\"high\" decoding=\"async\" width=\"750\" height=\"450\" src=\"https:\/\/educaedtech.com\/wp-content\/uploads\/2025\/08\/1.jpg\" class=\"attachment-full size-full wp-image-8815\" alt=\"\" srcset=\"https:\/\/educaedtech.com\/wp-content\/uploads\/2025\/08\/1.jpg 750w, https:\/\/educaedtech.com\/wp-content\/uploads\/2025\/08\/1-300x180.jpg 300w, https:\/\/educaedtech.com\/wp-content\/uploads\/2025\/08\/1-18x12.jpg 18w\" sizes=\"(max-width: 750px) 100vw, 750px\" \/>\t\t\t\t\t\t\t\t\t\t\t\t\t<\/div>\n\t\t\t\t<\/div>\n\t\t\t\t<\/div>\n\t\t\t\t\t<\/div>\n\t\t\t\t<\/div>\n\t\t<div class=\"elementor-element elementor-element-16baeb8 e-flex e-con-boxed e-con e-parent\" data-id=\"16baeb8\" data-element_type=\"container\">\n\t\t\t\t\t<div class=\"e-con-inner\">\n\t\t<div class=\"elementor-element elementor-element-054e2b6 e-con-full e-flex e-con e-child\" data-id=\"054e2b6\" data-element_type=\"container\">\n\t\t\t\t<div class=\"elementor-element elementor-element-9fc311b elementor-widget elementor-widget-text-editor\" data-id=\"9fc311b\" data-element_type=\"widget\" data-widget_type=\"text-editor.default\">\n\t\t\t\t<div class=\"elementor-widget-container\">\n\t\t\t\t\t\t\t<p data-renderer-start-pos=\"968\"><strong data-renderer-mark=\"true\">Le plus grand centre de contenu de formation, disponible pour les tiers<\/strong><br \/>En outre, <strong data-renderer-mark=\"true\">Educa Cloud<\/strong> offre non seulement une <strong data-renderer-mark=\"true\">un vaste catalogue propre<\/strong>mais permet \u00e9galement <strong data-renderer-mark=\"true\">l'int\u00e9gration de contenus de tiers<\/strong>l'h\u00e9bergement et l'enrichissement de leurs biblioth\u00e8ques afin de faciliter l'acc\u00e8s \u00e0 l'information. <strong data-renderer-mark=\"true\">un acc\u00e8s personnalis\u00e9 et avanc\u00e9<\/strong>. Gr\u00e2ce \u00e0 notre <strong data-renderer-mark=\"true\">d\u00e9veloppement de l'intelligence artificielle<\/strong>le groupe a cr\u00e9\u00e9 sa propre <strong data-renderer-mark=\"true\">mod\u00e8le linguistique (LLM)<\/strong>qui est accessible \u00e0 des tiers pour le <strong data-renderer-mark=\"true\">la cr\u00e9ation d'un contenu de formation personnalis\u00e9<\/strong>. Cette <strong data-renderer-mark=\"true\">LLM<\/strong> peut traiter n'importe quel type de contenu et g\u00e9n\u00e9rer des <strong data-renderer-mark=\"true\">parcours d'apprentissage adapt\u00e9s<\/strong> \u00e0 <strong data-renderer-mark=\"true\">besoins individuels<\/strong> de chaque utilisateur.<\/p><p>Notre solution combine un <strong data-renderer-mark=\"true\">un vaste catalogue de contenus<\/strong>le plus important du march\u00e9, avec <strong data-renderer-mark=\"true\">des capacit\u00e9s d'IA avanc\u00e9es<\/strong> de fournir <strong data-renderer-mark=\"true\">des exp\u00e9riences \u00e9ducatives hautement personnalis\u00e9es<\/strong> y <strong data-renderer-mark=\"true\">centr\u00e9 sur l'utilisateur<\/strong>.<\/p>\t\t\t\t\t\t<\/div>\n\t\t\t\t<\/div>\n\t\t\t\t<\/div>\n\t\t<div class=\"elementor-element elementor-element-48dc1f2 e-con-full e-flex e-con e-child\" data-id=\"48dc1f2\" data-element_type=\"container\">\n\t\t\t\t<div class=\"elementor-element elementor-element-97dadd9 elementor-widget elementor-widget-image\" data-id=\"97dadd9\" data-element_type=\"widget\" data-widget_type=\"image.default\">\n\t\t\t\t<div class=\"elementor-widget-container\">\n\t\t\t\t\t\t\t\t\t\t\t\t\t<img decoding=\"async\" width=\"750\" height=\"450\" src=\"https:\/\/educaedtech.com\/wp-content\/uploads\/2025\/08\/2.jpg\" class=\"attachment-full size-full wp-image-8814\" alt=\"\" srcset=\"https:\/\/educaedtech.com\/wp-content\/uploads\/2025\/08\/2.jpg 750w, https:\/\/educaedtech.com\/wp-content\/uploads\/2025\/08\/2-300x180.jpg 300w, https:\/\/educaedtech.com\/wp-content\/uploads\/2025\/08\/2-18x12.jpg 18w\" sizes=\"(max-width: 750px) 100vw, 750px\" \/>\t\t\t\t\t\t\t\t\t\t\t\t\t<\/div>\n\t\t\t\t<\/div>\n\t\t\t\t<\/div>\n\t\t\t\t\t<\/div>\n\t\t\t\t<\/div>\n\t\t<div class=\"elementor-element elementor-element-faca6ae e-flex e-con-boxed e-con e-parent\" data-id=\"faca6ae\" data-element_type=\"container\" data-settings=\"{&quot;background_background&quot;:&quot;classic&quot;}\">\n\t\t\t\t\t<div class=\"e-con-inner\">\n\t\t<div class=\"elementor-element elementor-element-9759a4f e-con-full e-flex e-con e-child\" data-id=\"9759a4f\" data-element_type=\"container\">\n\t\t\t\t<div class=\"elementor-element elementor-element-b403dc9 elementor-widget elementor-widget-image\" data-id=\"b403dc9\" data-element_type=\"widget\" data-widget_type=\"image.default\">\n\t\t\t\t<div class=\"elementor-widget-container\">\n\t\t\t\t\t\t\t\t\t\t\t\t\t<img decoding=\"async\" width=\"520\" height=\"975\" src=\"https:\/\/educaedtech.com\/wp-content\/uploads\/2024\/09\/educacloud_ieditorial.png\" class=\"attachment-large size-large wp-image-4711\" alt=\"\" srcset=\"https:\/\/educaedtech.com\/wp-content\/uploads\/2024\/09\/educacloud_ieditorial.png 520w, https:\/\/educaedtech.com\/wp-content\/uploads\/2024\/09\/educacloud_ieditorial-160x300.png 160w, https:\/\/educaedtech.com\/wp-content\/uploads\/2024\/09\/educacloud_ieditorial-6x12.png 6w\" sizes=\"(max-width: 520px) 100vw, 520px\" \/>\t\t\t\t\t\t\t\t\t\t\t\t\t<\/div>\n\t\t\t\t<\/div>\n\t\t\t\t<\/div>\n\t\t<div class=\"elementor-element elementor-element-1ec22ee e-con-full e-flex e-con e-child\" data-id=\"1ec22ee\" data-element_type=\"container\">\n\t\t\t\t<div class=\"elementor-element elementor-element-8846d7e elementor-widget elementor-widget-image\" data-id=\"8846d7e\" data-element_type=\"widget\" data-widget_type=\"image.default\">\n\t\t\t\t<div class=\"elementor-widget-container\">\n\t\t\t\t\t\t\t\t\t\t\t\t\t<img loading=\"lazy\" decoding=\"async\" width=\"197\" height=\"55\" src=\"https:\/\/educaedtech.com\/wp-content\/uploads\/2024\/01\/Capa-1-2.svg\" class=\"attachment-large size-large wp-image-436\" alt=\"\" \/>\t\t\t\t\t\t\t\t\t\t\t\t\t<\/div>\n\t\t\t\t<\/div>\n\t\t\t\t<div class=\"elementor-element elementor-element-42e652d elementor-widget elementor-widget-heading\" data-id=\"42e652d\" data-element_type=\"widget\" data-widget_type=\"heading.default\">\n\t\t\t\t<div class=\"elementor-widget-container\">\n\t\t\t<h2 class=\"elementor-heading-title elementor-size-default\">Crit\u00e8res de r\u00e9f\u00e9rence pour le contenu de l'apprentissage en ligne<\/h2>\t\t<\/div>\n\t\t\t\t<\/div>\n\t\t\t\t<div class=\"elementor-element elementor-element-2af19fc elementor-widget elementor-widget-text-editor\" data-id=\"2af19fc\" data-element_type=\"widget\" data-widget_type=\"text-editor.default\">\n\t\t\t\t<div class=\"elementor-widget-container\">\n\t\t\t\t\t\t\t<p><span style=\"white-space-collapse: preserve;\">Dans le secteur du marketing, les modules de formation et les certificats de professionnalisme d'Ieditorial sont une r\u00e9f\u00e9rence. Gr\u00e2ce \u00e0 un engagement clair en faveur de l'innovation, nous offrons une exp\u00e9rience unique \u00e0 nos \u00e9tudiants.<br \/><br \/>Destin\u00e9 aux entreprises de formation et d'apprentissage, aux organismes de formation ax\u00e9s sur l'emploi, aux agents sociaux ou aux ressources humaines des entreprises, notre mat\u00e9riel de formation est d\u00e9velopp\u00e9 par des professionnels dot\u00e9s d'une vaste exp\u00e9rience par le biais d'une plateforme d'apprentissage innovante.<br \/>Destin\u00e9 aux entreprises de formation et d'apprentissage, aux organismes de formation ax\u00e9s sur l'emploi, aux agents sociaux ou aux ressources humaines des entreprises, notre mat\u00e9riel de formation est d\u00e9velopp\u00e9 par des professionnels dot\u00e9s d'une vaste exp\u00e9rience par le biais d'une plateforme d'apprentissage innovante.<\/span><\/p>\t\t\t\t\t\t<\/div>\n\t\t\t\t<\/div>\n\t\t\t\t<div class=\"elementor-element elementor-element-4283119 elementor-widget elementor-widget-image\" data-id=\"4283119\" data-element_type=\"widget\" data-widget_type=\"image.default\">\n\t\t\t\t<div class=\"elementor-widget-container\">\n\t\t\t\t\t\t\t\t\t\t\t\t\t<img loading=\"lazy\" decoding=\"async\" width=\"174\" height=\"68\" src=\"https:\/\/educaedtech.com\/wp-content\/uploads\/2024\/01\/01-1.png\" class=\"attachment-large size-large wp-image-437\" alt=\"\" \/>\t\t\t\t\t\t\t\t\t\t\t\t\t<\/div>\n\t\t\t\t<\/div>\n\t\t\t\t<div class=\"elementor-element elementor-element-b910f37 elementor-widget elementor-widget-text-editor\" data-id=\"b910f37\" data-element_type=\"widget\" data-widget_type=\"text-editor.default\">\n\t\t\t\t<div class=\"elementor-widget-container\">\n\t\t\t\t\t\t\t<p>L'exp\u00e9rience d'Euroinnova Editorial dans le secteur de l'\u00e9ducation se refl\u00e8te dans notre contenu afin d'obtenir un \u00e9l\u00e9ment diff\u00e9renciateur pour les \u00e9tudiants. Les exigences du march\u00e9 du travail d'aujourd'hui nous obligent \u00e0 faire le maximum d'efforts pour assurer une formation d\u00e9cisive aux \u00e9tudiants, ce qui est le cas dans notre maison d'\u00e9dition.<br \/><br \/>Notre philosophie de travail est bas\u00e9e sur l'offre des modules de formation et des certificats de professionnalisme les plus demand\u00e9s, sur l'obtention d'une performance maximale de la formation en ligne et sur la r\u00e9alisation d'un apprentissage autonome et significatif pour les \u00e9tudiants.<\/p>\t\t\t\t\t\t<\/div>\n\t\t\t\t<\/div>\n\t\t\t\t<\/div>\n\t\t\t\t\t<\/div>\n\t\t\t\t<\/div>\n\t\t<div class=\"elementor-element elementor-element-d315c63 container-deg e-flex e-con-boxed e-con e-parent\" data-id=\"d315c63\" data-element_type=\"container\">\n\t\t\t\t\t<div class=\"e-con-inner\">\n\t\t<div class=\"elementor-element elementor-element-a7ad17d e-con-full e-flex e-con e-child\" data-id=\"a7ad17d\" data-element_type=\"container\">\n\t\t\t\t<div class=\"elementor-element elementor-element-df6aefa elementor-widget elementor-widget-heading\" data-id=\"df6aefa\" data-element_type=\"widget\" data-widget_type=\"heading.default\">\n\t\t\t\t<div class=\"elementor-widget-container\">\n\t\t\t<h2 class=\"elementor-heading-title elementor-size-default\">Programme d'\u00e9tudes au format PDF\nT\u00e9l\u00e9chargeable, utile et ax\u00e9 sur le poste \u00e0 pourvoir<\/h2>\t\t<\/div>\n\t\t\t\t<\/div>\n\t\t\t\t<div class=\"elementor-element elementor-element-2871b1f elementor-widget elementor-widget-text-editor\" data-id=\"2871b1f\" data-element_type=\"widget\" data-widget_type=\"text-editor.default\">\n\t\t\t\t<div class=\"elementor-widget-container\">\n\t\t\t\t\t\t\t<p>Les examens de la fonction publique sont une course de fond et nous sommes du c\u00f4t\u00e9 de ceux qui s'efforcent d'atteindre leurs objectifs gr\u00e2ce \u00e0 une formation actualis\u00e9e et cibl\u00e9e.<br \/><br \/>L'\u00e9quipe de formateurs qui pr\u00e9pare le contenu de la formation jouit d'une grande r\u00e9putation et d'un taux de r\u00e9ussite \u00e9lev\u00e9, ce qui fait de nos plans d'\u00e9tudes l'avantage concurrentiel qui fait la diff\u00e9rence entre l'obtention d'une place et l'\u00e9chec.<\/p>\t\t\t\t\t\t<\/div>\n\t\t\t\t<\/div>\n\t\t\t\t<\/div>\n\t\t<div class=\"elementor-element elementor-element-b643838 e-con-full e-flex e-con e-child\" data-id=\"b643838\" data-element_type=\"container\">\n\t\t\t\t<div class=\"elementor-element elementor-element-6b62d51 elementor-widget elementor-widget-heading\" data-id=\"6b62d51\" data-element_type=\"widget\" data-widget_type=\"heading.default\">\n\t\t\t\t<div class=\"elementor-widget-container\">\n\t\t\t<h2 class=\"elementor-heading-title elementor-size-default\">Opopedia\nVotre r\u00e9compense, notre motivation<\/h2>\t\t<\/div>\n\t\t\t\t<\/div>\n\t\t\t\t<div class=\"elementor-element elementor-element-4afc2a4 elementor-widget elementor-widget-text-editor\" data-id=\"4afc2a4\" data-element_type=\"widget\" data-widget_type=\"text-editor.default\">\n\t\t\t\t<div class=\"elementor-widget-container\">\n\t\t\t\t\t\t\t<p>L'\u00e9ventail le plus large de ressources \u00e9ducatives destin\u00e9es aux \u00e9tudiants qui souhaitent parfaire leur formation et leur d\u00e9veloppement professionnel dans le domaine de l'EFP se trouve dans VET Contents.<br \/><br \/>Des programmes d'\u00e9tudes actualis\u00e9s, des cours interactifs en ligne con\u00e7us par des experts du domaine, des supports d'apprentissage sous diff\u00e9rents formats et des guides pratiques aideront les \u00e9tudiants \u00e0 mieux comprendre les concepts cl\u00e9s.<br \/><br \/>Le contenu de haute qualit\u00e9 de Contenidos FP est align\u00e9 sur les exigences du march\u00e9 du travail actuel et adapt\u00e9 aux besoins sp\u00e9cifiques de chaque programme de formation professionnelle.<\/p>\t\t\t\t\t\t<\/div>\n\t\t\t\t<\/div>\n\t\t\t\t<\/div>\n\t\t\t\t\t<\/div>\n\t\t\t\t<\/div>\n\t\t<div class=\"elementor-element elementor-element-7d9901a e-flex e-con-boxed e-con e-parent\" data-id=\"7d9901a\" data-element_type=\"container\">\n\t\t\t\t\t<div class=\"e-con-inner\">\n\t\t<div class=\"elementor-element elementor-element-fe9dad1 e-con-full e-flex e-con e-child\" data-id=\"fe9dad1\" data-element_type=\"container\">\n\t\t\t\t<\/div>\n\t\t<div class=\"elementor-element elementor-element-9596e82 e-con-full e-flex e-con e-child\" data-id=\"9596e82\" data-element_type=\"container\">\n\t\t\t\t<\/div>\n\t\t<div class=\"elementor-element elementor-element-818517d e-con-full e-flex e-con e-child\" data-id=\"818517d\" data-element_type=\"container\">\n\t\t\t\t<div class=\"elementor-element elementor-element-9715374 elementor-widget elementor-widget-text-editor\" data-id=\"9715374\" data-element_type=\"widget\" data-widget_type=\"text-editor.default\">\n\t\t\t\t<div class=\"elementor-widget-container\">\n\t\t\t\t\t\t\t<p>En format pdf, vous trouverez dans notre maison d'\u00e9dition les th\u00e8mes les plus actuels pour la pr\u00e9paration aux concours, en fonction des particularit\u00e9s de chaque communaut\u00e9 autonome.<br \/><br \/>Soutenus par un groupe interdisciplinaire de documentalistes et de r\u00e9dacteurs de contenus sp\u00e9cifiques, nos contenus sont exclusivement ax\u00e9s sur l'acc\u00e8s \u00e0 l'emploi public dans ses diff\u00e9rents domaines. <br \/><br \/>Temarios en pdf est orient\u00e9 vers l'\u00e9dition et la vente de mat\u00e9riel num\u00e9rique pour les concours, la formation en ligne des candidats et la documentation juridique.<\/p>\t\t\t\t\t\t<\/div>\n\t\t\t\t<\/div>\n\t\t\t\t<\/div>\n\t\t\t\t\t<\/div>\n\t\t\t\t<\/div>\n\t\t\t\t<\/div>","protected":false},"excerpt":{"rendered":"<p>L'\u00e9cosyst\u00e8me de cr\u00e9ation de contenus \u00e9ducatifs le plus complet au monde un \u00e9cosyst\u00e8me pour la cr\u00e9ation de contenus sp\u00e9cialis\u00e9s EDUCA EDTECH [...]<\/p>","protected":false},"author":1,"featured_media":0,"parent":0,"menu_order":0,"comment_status":"closed","ping_status":"closed","template":"","meta":{"_acf_changed":false,"site-sidebar-layout":"no-sidebar","site-content-layout":"","ast-site-content-layout":"full-width-container","site-content-style":"default","site-sidebar-style":"default","ast-global-header-display":"","ast-banner-title-visibility":"","ast-main-header-display":"","ast-hfb-above-header-display":"","ast-hfb-below-header-display":"","ast-hfb-mobile-header-display":"","site-post-title":"disabled","ast-breadcrumbs-content":"","ast-featured-img":"disabled","footer-sml-layout":"","theme-transparent-header-meta":"","adv-header-id-meta":"","stick-header-meta":"","header-above-stick-meta":"","header-main-stick-meta":"","header-below-stick-meta":"","astra-migrate-meta-layouts":"default","ast-page-background-enabled":"default","ast-page-background-meta":{"desktop":{"background-color":"var(--ast-global-color-4)","background-image":"","background-repeat":"repeat","background-position":"center center","background-size":"auto","background-attachment":"scroll","background-type":"","background-media":"","overlay-type":"","overlay-color":"","overlay-opacity":"","overlay-gradient":""},"tablet":{"background-color":"","background-image":"","background-repeat":"repeat","background-position":"center center","background-size":"auto","background-attachment":"scroll","background-type":"","background-media":"","overlay-type":"","overlay-color":"","overlay-opacity":"","overlay-gradient":""},"mobile":{"background-color":"","background-image":"","background-repeat":"repeat","background-position":"center center","background-size":"auto","background-attachment":"scroll","background-type":"","background-media":"","overlay-type":"","overlay-color":"","overlay-opacity":"","overlay-gradient":""}},"ast-content-background-meta":{"desktop":{"background-color":"var(--ast-global-color-5)","background-image":"","background-repeat":"repeat","background-position":"center center","background-size":"auto","background-attachment":"scroll","background-type":"","background-media":"","overlay-type":"","overlay-color":"","overlay-opacity":"","overlay-gradient":""},"tablet":{"background-color":"var(--ast-global-color-5)","background-image":"","background-repeat":"repeat","background-position":"center center","background-size":"auto","background-attachment":"scroll","background-type":"","background-media":"","overlay-type":"","overlay-color":"","overlay-opacity":"","overlay-gradient":""},"mobile":{"background-color":"var(--ast-global-color-5)","background-image":"","background-repeat":"repeat","background-position":"center center","background-size":"auto","background-attachment":"scroll","background-type":"","background-media":"","overlay-type":"","overlay-color":"","overlay-opacity":"","overlay-gradient":""}},"footnotes":""},"class_list":["post-4709","page","type-page","status-publish","hentry"],"acf":[],"yoast_head":"<!-- This site is optimized with the Yoast SEO plugin v23.4 - https:\/\/yoast.com\/wordpress\/plugins\/seo\/ -->\n<title>Educa Cloud - Grupo EDUCA EDTECH<\/title>\n<meta name=\"robots\" content=\"index, follow, max-snippet:-1, max-image-preview:large, max-video-preview:-1\" \/>\n<link rel=\"canonical\" href=\"https:\/\/educaedtech.com\/fr\/nuage-educa\/\" \/>\n<meta property=\"og:locale\" content=\"fr_FR\" \/>\n<meta property=\"og:type\" content=\"article\" \/>\n<meta property=\"og:title\" content=\"Educa Cloud - Grupo EDUCA EDTECH\" \/>\n<meta property=\"og:description\" content=\"El ecosistema de creaci\u00f3n de contenidos educativos m\u00e1s completo del mundo un ecosistema de creaci\u00f3n de contenidos especializados EDUCA EDTECH [&hellip;]\" \/>\n<meta property=\"og:url\" content=\"https:\/\/educaedtech.com\/fr\/nuage-educa\/\" \/>\n<meta property=\"og:site_name\" content=\"Grupo EDUCA EDTECH\" \/>\n<meta property=\"article:modified_time\" content=\"2025-08-06T06:26:40+00:00\" \/>\n<meta property=\"og:image\" content=\"https:\/\/educaedtech.com\/wp-content\/uploads\/2025\/08\/1.jpg\" \/>\n<meta name=\"twitter:card\" content=\"summary_large_image\" \/>\n<meta name=\"twitter:label1\" content=\"Dur\u00e9e de lecture estim\u00e9e\" \/>\n\t<meta name=\"twitter:data1\" content=\"5 minutes\" \/>\n<script type=\"application\/ld+json\" class=\"yoast-schema-graph\">{\"@context\":\"https:\/\/schema.org\",\"@graph\":[{\"@type\":\"WebPage\",\"@id\":\"https:\/\/educaedtech.com\/fr\/nuage-educa\/\",\"url\":\"https:\/\/educaedtech.com\/fr\/nuage-educa\/\",\"name\":\"Educa Cloud - Grupo EDUCA EDTECH\",\"isPartOf\":{\"@id\":\"https:\/\/educaedtech.com\/fr\/#website\"},\"primaryImageOfPage\":{\"@id\":\"https:\/\/educaedtech.com\/fr\/nuage-educa\/#primaryimage\"},\"image\":{\"@id\":\"https:\/\/educaedtech.com\/fr\/nuage-educa\/#primaryimage\"},\"thumbnailUrl\":\"https:\/\/educaedtech.com\/wp-content\/uploads\/2025\/08\/1.jpg\",\"datePublished\":\"2024-09-16T07:10:22+00:00\",\"dateModified\":\"2025-08-06T06:26:40+00:00\",\"breadcrumb\":{\"@id\":\"https:\/\/educaedtech.com\/fr\/nuage-educa\/#breadcrumb\"},\"inLanguage\":\"fr-FR\",\"potentialAction\":[{\"@type\":\"ReadAction\",\"target\":[\"https:\/\/educaedtech.com\/fr\/nuage-educa\/\"]}]},{\"@type\":\"ImageObject\",\"inLanguage\":\"fr-FR\",\"@id\":\"https:\/\/educaedtech.com\/fr\/nuage-educa\/#primaryimage\",\"url\":\"https:\/\/educaedtech.com\/wp-content\/uploads\/2025\/08\/1.jpg\",\"contentUrl\":\"https:\/\/educaedtech.com\/wp-content\/uploads\/2025\/08\/1.jpg\"},{\"@type\":\"BreadcrumbList\",\"@id\":\"https:\/\/educaedtech.com\/fr\/nuage-educa\/#breadcrumb\",\"itemListElement\":[{\"@type\":\"ListItem\",\"position\":1,\"name\":\"Home\",\"item\":\"https:\/\/educaedtech.com\/\"},{\"@type\":\"ListItem\",\"position\":2,\"name\":\"Educa Cloud\"}]},{\"@type\":\"WebSite\",\"@id\":\"https:\/\/educaedtech.com\/fr\/#website\",\"url\":\"https:\/\/educaedtech.com\/fr\/\",\"name\":\"Grupo EDUCA EDTECH\",\"description\":\"\",\"publisher\":{\"@id\":\"https:\/\/educaedtech.com\/fr\/#organization\"},\"potentialAction\":[{\"@type\":\"SearchAction\",\"target\":{\"@type\":\"EntryPoint\",\"urlTemplate\":\"https:\/\/educaedtech.com\/fr\/?s={search_term_string}\"},\"query-input\":{\"@type\":\"PropertyValueSpecification\",\"valueRequired\":true,\"valueName\":\"search_term_string\"}}],\"inLanguage\":\"fr-FR\"},{\"@type\":\"Organization\",\"@id\":\"https:\/\/educaedtech.com\/fr\/#organization\",\"name\":\"Grupo EDUCA EDTECH\",\"url\":\"https:\/\/educaedtech.com\/fr\/\",\"logo\":{\"@type\":\"ImageObject\",\"inLanguage\":\"fr-FR\",\"@id\":\"https:\/\/educaedtech.com\/fr\/#\/schema\/logo\/image\/\",\"url\":\"https:\/\/educaedtech.com\/wp-content\/uploads\/2024\/01\/Logo-Educa-Edtech-Group-Blanco.svg\",\"contentUrl\":\"https:\/\/educaedtech.com\/wp-content\/uploads\/2024\/01\/Logo-Educa-Edtech-Group-Blanco.svg\",\"width\":317,\"height\":108,\"caption\":\"Grupo EDUCA EDTECH\"},\"image\":{\"@id\":\"https:\/\/educaedtech.com\/fr\/#\/schema\/logo\/image\/\"}}]}<\/script>\n<!-- \/ Yoast SEO plugin. -->","yoast_head_json":{"title":"Educa Cloud - Grupo EDUCA EDTECH","robots":{"index":"index","follow":"follow","max-snippet":"max-snippet:-1","max-image-preview":"max-image-preview:large","max-video-preview":"max-video-preview:-1"},"canonical":"https:\/\/educaedtech.com\/fr\/nuage-educa\/","og_locale":"fr_FR","og_type":"article","og_title":"Educa Cloud - Grupo EDUCA EDTECH","og_description":"El ecosistema de creaci\u00f3n de contenidos educativos m\u00e1s completo del mundo un ecosistema de creaci\u00f3n de contenidos especializados EDUCA EDTECH [&hellip;]","og_url":"https:\/\/educaedtech.com\/fr\/nuage-educa\/","og_site_name":"Grupo EDUCA EDTECH","article_modified_time":"2025-08-06T06:26:40+00:00","og_image":[{"url":"https:\/\/educaedtech.com\/wp-content\/uploads\/2025\/08\/1.jpg"}],"twitter_card":"summary_large_image","twitter_misc":{"Dur\u00e9e de lecture estim\u00e9e":"5 minutes"},"schema":{"@context":"https:\/\/schema.org","@graph":[{"@type":"WebPage","@id":"https:\/\/educaedtech.com\/fr\/nuage-educa\/","url":"https:\/\/educaedtech.com\/fr\/nuage-educa\/","name":"Educa Cloud - Grupo EDUCA EDTECH","isPartOf":{"@id":"https:\/\/educaedtech.com\/fr\/#website"},"primaryImageOfPage":{"@id":"https:\/\/educaedtech.com\/fr\/nuage-educa\/#primaryimage"},"image":{"@id":"https:\/\/educaedtech.com\/fr\/nuage-educa\/#primaryimage"},"thumbnailUrl":"https:\/\/educaedtech.com\/wp-content\/uploads\/2025\/08\/1.jpg","datePublished":"2024-09-16T07:10:22+00:00","dateModified":"2025-08-06T06:26:40+00:00","breadcrumb":{"@id":"https:\/\/educaedtech.com\/fr\/nuage-educa\/#breadcrumb"},"inLanguage":"fr-FR","potentialAction":[{"@type":"ReadAction","target":["https:\/\/educaedtech.com\/fr\/nuage-educa\/"]}]},{"@type":"ImageObject","inLanguage":"fr-FR","@id":"https:\/\/educaedtech.com\/fr\/nuage-educa\/#primaryimage","url":"https:\/\/educaedtech.com\/wp-content\/uploads\/2025\/08\/1.jpg","contentUrl":"https:\/\/educaedtech.com\/wp-content\/uploads\/2025\/08\/1.jpg"},{"@type":"BreadcrumbList","@id":"https:\/\/educaedtech.com\/fr\/nuage-educa\/#breadcrumb","itemListElement":[{"@type":"ListItem","position":1,"name":"Home","item":"https:\/\/educaedtech.com\/"},{"@type":"ListItem","position":2,"name":"Educa Cloud"}]},{"@type":"WebSite","@id":"https:\/\/educaedtech.com\/fr\/#website","url":"https:\/\/educaedtech.com\/fr\/","name":"Grupo EDUCA EDTECH","description":"","publisher":{"@id":"https:\/\/educaedtech.com\/fr\/#organization"},"potentialAction":[{"@type":"SearchAction","target":{"@type":"EntryPoint","urlTemplate":"https:\/\/educaedtech.com\/fr\/?s={search_term_string}"},"query-input":{"@type":"PropertyValueSpecification","valueRequired":true,"valueName":"search_term_string"}}],"inLanguage":"fr-FR"},{"@type":"Organization","@id":"https:\/\/educaedtech.com\/fr\/#organization","name":"Grupo EDUCA EDTECH","url":"https:\/\/educaedtech.com\/fr\/","logo":{"@type":"ImageObject","inLanguage":"fr-FR","@id":"https:\/\/educaedtech.com\/fr\/#\/schema\/logo\/image\/","url":"https:\/\/educaedtech.com\/wp-content\/uploads\/2024\/01\/Logo-Educa-Edtech-Group-Blanco.svg","contentUrl":"https:\/\/educaedtech.com\/wp-content\/uploads\/2024\/01\/Logo-Educa-Edtech-Group-Blanco.svg","width":317,"height":108,"caption":"Grupo EDUCA EDTECH"},"image":{"@id":"https:\/\/educaedtech.com\/fr\/#\/schema\/logo\/image\/"}}]}},"_links":{"self":[{"href":"https:\/\/educaedtech.com\/fr\/wp-json\/wp\/v2\/pages\/4709","targetHints":{"allow":["GET"]}}],"collection":[{"href":"https:\/\/educaedtech.com\/fr\/wp-json\/wp\/v2\/pages"}],"about":[{"href":"https:\/\/educaedtech.com\/fr\/wp-json\/wp\/v2\/types\/page"}],"author":[{"embeddable":true,"href":"https:\/\/educaedtech.com\/fr\/wp-json\/wp\/v2\/users\/1"}],"replies":[{"embeddable":true,"href":"https:\/\/educaedtech.com\/fr\/wp-json\/wp\/v2\/comments?post=4709"}],"version-history":[{"count":26,"href":"https:\/\/educaedtech.com\/fr\/wp-json\/wp\/v2\/pages\/4709\/revisions"}],"predecessor-version":[{"id":8818,"href":"https:\/\/educaedtech.com\/fr\/wp-json\/wp\/v2\/pages\/4709\/revisions\/8818"}],"wp:attachment":[{"href":"https:\/\/educaedtech.com\/fr\/wp-json\/wp\/v2\/media?parent=4709"}],"curies":[{"name":"wp","href":"https:\/\/api.w.org\/{rel}","templated":true}]}}