{"id":1359,"date":"2024-01-19T11:46:33","date_gmt":"2024-01-19T10:46:33","guid":{"rendered":"https:\/\/educaedtech.com\/?page_id=1359"},"modified":"2024-01-19T11:47:22","modified_gmt":"2024-01-19T10:47:22","slug":"politica-de-privacidad","status":"publish","type":"page","link":"https:\/\/educaedtech.com\/pt\/politica-de-privacidade\/","title":{"rendered":"Pol\u00edtica de privacidade"},"content":{"rendered":"<div data-elementor-type=\"wp-page\" data-elementor-id=\"1359\" class=\"elementor elementor-1359\" data-elementor-post-type=\"page\">\n\t\t\t\t<div class=\"elementor-element elementor-element-371d4e5 e-con-full e-flex e-con e-parent\" data-id=\"371d4e5\" data-element_type=\"container\" data-settings=\"{&quot;background_background&quot;:&quot;classic&quot;}\">\n\t\t\t\t<\/div>\n\t\t<div class=\"elementor-element elementor-element-c0987d0 e-flex e-con-boxed e-con e-parent\" data-id=\"c0987d0\" data-element_type=\"container\">\n\t\t\t\t\t<div class=\"e-con-inner\">\n\t\t\t\t<div class=\"elementor-element elementor-element-8c79bde elementor-widget elementor-widget-heading\" data-id=\"8c79bde\" data-element_type=\"widget\" data-widget_type=\"heading.default\">\n\t\t\t\t<div class=\"elementor-widget-container\">\n\t\t\t<h1 class=\"elementor-heading-title elementor-size-default\">Pol\u00edtica de privacidade<\/h1>\t\t<\/div>\n\t\t\t\t<\/div>\n\t\t\t\t<div class=\"elementor-element elementor-element-1c1a22a elementor-widget elementor-widget-text-editor\" data-id=\"1c1a22a\" data-element_type=\"widget\" data-widget_type=\"text-editor.default\">\n\t\t\t\t<div class=\"elementor-widget-container\">\n\t\t\t\t\t\t\t<div class=\"elementor-element elementor-element-b9feb77 e-flex e-con-boxed e-con e-parent\" data-id=\"b9feb77\" data-element_type=\"container\" data-settings=\"{&quot;content_width&quot;:&quot;boxed&quot;}\" data-core-v316-plus=\"true\">\n<div class=\"e-con-inner\">\n<div class=\"elementor-element elementor-element-154ea36 elementor-widget elementor-widget-heading\" data-id=\"154ea36\" data-element_type=\"widget\" data-widget_type=\"heading.default\">\n<div class=\"elementor-widget-container\">\n<h2 class=\"elementor-heading-title elementor-size-default\"><span style=\"font-size: 16px;\">Acreditamos firmemente que o utilizador deve conhecer os dados que recolhemos sobre si e a forma como os utilizamos, bem como a forma como pode agir em ambas as situa\u00e7\u00f5es. Por isso, queremos dar-lhe a oportunidade de tomar a decis\u00e3o mais adequada sobre as informa\u00e7\u00f5es que partilha connosco.<\/span><\/h2>\n<\/div>\n<\/div>\n<\/div>\n<\/div>\n<div class=\"elementor-element elementor-element-dac091a e-flex e-con-boxed e-con e-parent\" data-id=\"dac091a\" data-element_type=\"container\" data-settings=\"{&quot;content_width&quot;:&quot;boxed&quot;}\" data-core-v316-plus=\"true\">\n<div class=\"e-con-inner\">\n<div class=\"elementor-element elementor-element-4c57456 elementor-widget elementor-widget-text-editor\" data-id=\"4c57456\" data-element_type=\"widget\" data-widget_type=\"text-editor.default\">\n<div class=\"elementor-widget-container\">\n<p>Este \u00e9 o principal objetivo da presente Pol\u00edtica de Privacidade.<\/p>\n<\/div>\n<\/div>\n<div class=\"elementor-element elementor-element-89a95d3 elementor-widget elementor-widget-heading\" data-id=\"89a95d3\" data-element_type=\"widget\" data-widget_type=\"heading.default\">\n<div class=\"elementor-widget-container\">\n<h3 class=\"elementor-heading-title elementor-size-default\">Informa\u00e7\u00f5es b\u00e1sicas sobre a prote\u00e7\u00e3o de dados<\/h3>\n<\/div>\n<\/div>\n<div class=\"elementor-element elementor-element-7ea2f5c elementor-widget elementor-widget-text-editor\" data-id=\"7ea2f5c\" data-element_type=\"widget\" data-widget_type=\"text-editor.default\">\n<div class=\"elementor-widget-container\">\n<ul>\n<li><strong>NOME DA EMPRESA<\/strong>: EDUCA EDTECH, B.V.<\/li>\n<li><strong>Objetivo:<\/strong>\u00a0servi\u00e7os de aprendizagem, forma\u00e7\u00e3o, consultoria e investimento na educa\u00e7\u00e3o<\/li>\n<li><strong>Autoriza\u00e7\u00e3o:<\/strong>\u00a0consentimento do titular dos dados e execu\u00e7\u00e3o de um contrato que atinja essa parte.<\/li>\n<li><strong>Destinat\u00e1rios previstos:<\/strong>\u00a0respons\u00e1veis pelo tratamento de dados<\/li>\n<li><strong>Direitos:<\/strong>\u00a0Aceder, retificar e apagar todos os dados, bem como outros direitos, tal como especificado em \"Informa\u00e7\u00f5es adicionais\".<\/li>\n<\/ul>\n<\/div>\n<\/div>\n<div class=\"elementor-element elementor-element-3fa8ce8 elementor-widget elementor-widget-heading\" data-id=\"3fa8ce8\" data-element_type=\"widget\" data-widget_type=\"heading.default\">\n<div class=\"elementor-widget-container\">\n<h3 class=\"elementor-heading-title elementor-size-default\">2) Quem \u00e9 respons\u00e1vel pelos seus dados?<\/h3>\n<\/div>\n<\/div>\n<div class=\"elementor-element elementor-element-7681338 elementor-widget elementor-widget-text-editor\" data-id=\"7681338\" data-element_type=\"widget\" data-widget_type=\"text-editor.default\">\n<div class=\"elementor-widget-container\">\n<ul>\n<li><strong>NOME DA EMPRESA<\/strong>: EDUCA EDTECH, B.V.<\/li>\n<li><strong>Registo KVK<\/strong>: 86269941<\/li>\n<li><strong>BTW<\/strong>DATA DE NASCIMENTO : NL863915887B01<\/li>\n<li><strong>ENDERE\u00c7O<\/strong>Weteringschans 165 C, 1017 XD - Amesterd\u00e3o<\/li>\n<li><strong>Correio<\/strong>:\u00a0<a href=\"mailto:business@educa-edtech\">neg\u00f3cios@educa-edtech<\/a>.com<\/li>\n<\/ul>\n<\/div>\n<\/div>\n<div class=\"elementor-element elementor-element-03e69f5 elementor-widget elementor-widget-heading\" data-id=\"03e69f5\" data-element_type=\"widget\" data-widget_type=\"heading.default\">\n<div class=\"elementor-widget-container\">\n<h3 class=\"elementor-heading-title elementor-size-default\">3. Direito aplic\u00e1vel<\/h3>\n<\/div>\n<\/div>\n<div class=\"elementor-element elementor-element-d081828 elementor-widget elementor-widget-text-editor\" data-id=\"d081828\" data-element_type=\"widget\" data-widget_type=\"text-editor.default\">\n<div class=\"elementor-widget-container\">\n<p>A nossa Pol\u00edtica de Privacidade foi concebida em conformidade com o Regulamento (UE) 2016\/679 do Parlamento Europeu e do Conselho, de 27 de abril de 2016, relativo \u00e0 prote\u00e7\u00e3o das pessoas singulares no que diz respeito ao tratamento de dados pessoais e \u00e0 livre circula\u00e7\u00e3o desses dados e que revoga a Diretiva 95\/46\/CE (Regulamento Geral sobre a Prote\u00e7\u00e3o de Dados), bem como com a Lei Org\u00e2nica 3\/2018, de 5 de dezembro, relativa aos dados pessoais e \u00e0 garantia dos direitos digitais.<\/p>\n<p>Ao fornecer-nos os seus dados, o utilizador declara ter lido e conhecer a presente Pol\u00edtica de Privacidade, dando assim o seu consentimento de forma livre, especificada, informada e inequ\u00edvoca para o tratamento dos referidos dados pessoais de acordo com a finalidade e os termos aqui previstos.<\/p>\n<p>Estas condi\u00e7\u00f5es de privacidade s\u00e3o ainda complementadas com a declara\u00e7\u00e3o de exonera\u00e7\u00e3o de responsabilidade, a pol\u00edtica de cookies e as condi\u00e7\u00f5es gerais que, no seu caso, podem ser aplicadas a determinados produtos ou servi\u00e7os, caso o acesso envolva um processo adicional relativo \u00e0 prote\u00e7\u00e3o de dados pessoais.<\/p>\n<\/div>\n<\/div>\n<div class=\"elementor-element elementor-element-a6068f8 elementor-widget elementor-widget-heading\" data-id=\"a6068f8\" data-element_type=\"widget\" data-widget_type=\"heading.default\">\n<div class=\"elementor-widget-container\">\n<h3 class=\"elementor-heading-title elementor-size-default\">4. Objetivo do tratamento de dados e interesses leg\u00edtimos<\/h3>\n<\/div>\n<\/div>\n<div class=\"elementor-element elementor-element-dcdec63 elementor-widget elementor-widget-text-editor\" data-id=\"dcdec63\" data-element_type=\"widget\" data-widget_type=\"text-editor.default\">\n<div class=\"elementor-widget-container\">\n<p>As finalidades e os interesses leg\u00edtimos da EDUCA EDTECH no que diz respeito ao tratamento dos dados pessoais s\u00e3o especificados na sec\u00e7\u00e3o seguinte:<\/p>\n<ul>\n<li>Consentimento do titular dos dados (art. 6.1.a) do RGPD):<\/li>\n<li>Para lhe fornecer informa\u00e7\u00f5es sobre os nossos servi\u00e7os de aprendizagem, forma\u00e7\u00e3o, consultoria e investimento educativo.<\/li>\n<li>Execu\u00e7\u00e3o do contrato e medidas pr\u00e9-contratuais (artigo 6.1.b) do RGPD):<\/li>\n<li>Executar o servi\u00e7o contratado ou formalizar a rela\u00e7\u00e3o estabelecida.<\/li>\n<li>Comunica\u00e7\u00e3o necess\u00e1ria para a manuten\u00e7\u00e3o da rela\u00e7\u00e3o contratual.<\/li>\n<li>Cumprimento de uma obriga\u00e7\u00e3o legal (artigo 6.1.c) do RGPD):<\/li>\n<li>Comunicar informa\u00e7\u00f5es a autoridades p\u00fablicas, reguladores ou organismos governamentais nos casos em que tal seja necess\u00e1rio por lei, regulamentos locais ou em conformidade com obriga\u00e7\u00f5es regulamentares.<\/li>\n<\/ul>\n<\/div>\n<\/div>\n<div class=\"elementor-element elementor-element-1f4e18b elementor-widget elementor-widget-heading\" data-id=\"1f4e18b\" data-element_type=\"widget\" data-widget_type=\"heading.default\">\n<div class=\"elementor-widget-container\">\n<h3 class=\"elementor-heading-title elementor-size-default\">5) Quem ir\u00e1 receber os seus dados pessoais?<\/h3>\n<\/div>\n<\/div>\n<div class=\"elementor-element elementor-element-86fe3c2 elementor-widget elementor-widget-text-editor\" data-id=\"86fe3c2\" data-element_type=\"widget\" data-widget_type=\"text-editor.default\">\n<div class=\"elementor-widget-container\">\n<p>Os seus dados pessoais poder\u00e3o ser facultados a entidades que colaborem com o respons\u00e1vel pelo tratamento, caso seja necess\u00e1rio para o cumprimento das finalidades anteriormente indicadas, para que estas possam fornecer, por diversos meios, informa\u00e7\u00f5es sobre produtos e servi\u00e7os relativos a forma\u00e7\u00e3o, emprego, produtos editoriais e novas tecnologias, respeitando em todos os casos as medidas de seguran\u00e7a exigidas pela legisla\u00e7\u00e3o em vigor em mat\u00e9ria de prote\u00e7\u00e3o de dados pessoais, bem como as pol\u00edticas gerais de qualidade e privacidade da Empresa.<\/p>\n<p>Com exce\u00e7\u00e3o das disposi\u00e7\u00f5es constantes do n\u00famero anterior,\u00a0<strong>EDUCA EDTECH<\/strong>\u00a0n\u00e3o comunicar\u00e1 os dados do Utilizador a terceiros para al\u00e9m dos exigidos pela regulamenta\u00e7\u00e3o em vigor em mat\u00e9ria de prote\u00e7\u00e3o de dados, salvo se tal for exigido pelas autoridades competentes.<\/p>\n<\/div>\n<\/div>\n<div class=\"elementor-element elementor-element-5afb50b elementor-widget elementor-widget-heading\" data-id=\"5afb50b\" data-element_type=\"widget\" data-widget_type=\"heading.default\">\n<div class=\"elementor-widget-container\">\n<h3 class=\"elementor-heading-title elementor-size-default\">6. Efectuamos transfer\u00eancias internacionais de dados?<\/h3>\n<\/div>\n<\/div>\n<div class=\"elementor-element elementor-element-bfa906e elementor-widget elementor-widget-text-editor\" data-id=\"bfa906e\" data-element_type=\"widget\" data-widget_type=\"text-editor.default\">\n<div class=\"elementor-widget-container\">\n<p>As transfer\u00eancias internacionais de dados n\u00e3o s\u00e3o efectuadas<\/p>\n<\/div>\n<\/div>\n<div class=\"elementor-element elementor-element-bd88d5e elementor-widget elementor-widget-heading\" data-id=\"bd88d5e\" data-element_type=\"widget\" data-widget_type=\"heading.default\">\n<div class=\"elementor-widget-container\">\n<h3 class=\"elementor-heading-title elementor-size-default\">7. Durante quanto tempo guardamos os seus dados pessoais?<\/h3>\n<\/div>\n<\/div>\n<div class=\"elementor-element elementor-element-1992b41 elementor-widget elementor-widget-text-editor\" data-id=\"1992b41\" data-element_type=\"widget\" data-widget_type=\"text-editor.default\">\n<div class=\"elementor-widget-container\">\n<p>Os dados pessoais fornecidos ser\u00e3o conservados, exceto se a sua elimina\u00e7\u00e3o for solicitada pela pessoa em causa. Em qualquer caso, os seus dados pessoais ser\u00e3o conservados durante o per\u00edodo necess\u00e1rio para o cumprimento efetivo da finalidade para a qual foram recolhidos e durante o tempo estabelecido pelas normas legais em vigor, salvo se o consentimento for revogado ou se for exercido o direito \u00e0 limita\u00e7\u00e3o do tratamento. Nestes casos, os seus dados ser\u00e3o bloqueados durante os per\u00edodos legalmente estabelecidos.<\/p>\n<\/div>\n<\/div>\n<div class=\"elementor-element elementor-element-b5e3cf8 elementor-widget elementor-widget-heading\" data-id=\"b5e3cf8\" data-element_type=\"widget\" data-widget_type=\"heading.default\">\n<div class=\"elementor-widget-container\">\n<h3 class=\"elementor-heading-title elementor-size-default\">8) Que medidas de seguran\u00e7a ser\u00e3o aplicadas?<\/h3>\n<\/div>\n<\/div>\n<div class=\"elementor-element elementor-element-77aaa04 elementor-widget elementor-widget-text-editor\" data-id=\"77aaa04\" data-element_type=\"widget\" data-widget_type=\"text-editor.default\">\n<div class=\"elementor-widget-container\">\n<p><strong>EDUCA EDTECH<\/strong>\u00a0e as suas entidades colaboradoras tratar\u00e3o os seus dados pessoais sob a mais estrita confidencialidade, aplicando as medidas de seguran\u00e7a, t\u00e9cnicas e organizativas estabelecidas na legisla\u00e7\u00e3o aplic\u00e1vel.<\/p>\n<\/div>\n<\/div>\n<div class=\"elementor-element elementor-element-0ba0fc5 elementor-widget elementor-widget-heading\" data-id=\"0ba0fc5\" data-element_type=\"widget\" data-widget_type=\"heading.default\">\n<div class=\"elementor-widget-container\">\n<h3 class=\"elementor-heading-title elementor-size-default\">9) Que direitos podem ser exercidos?<\/h3>\n<\/div>\n<\/div>\n<div class=\"elementor-element elementor-element-7939af5 elementor-widget elementor-widget-text-editor\" data-id=\"7939af5\" data-element_type=\"widget\" data-widget_type=\"text-editor.default\">\n<div class=\"elementor-widget-container\">\n<p>O Utilizador tem os seguintes direitos relativamente ao tratamento dos seus dados pessoais:<\/p>\n<ul>\n<li>Direito de solicitar o acesso aos seus dados pessoais.<\/li>\n<li>Direito de solicitar a sua retifica\u00e7\u00e3o se estiverem incorrectos, ou de solicitar a sua elimina\u00e7\u00e3o (por exemplo, se considerar que j\u00e1 n\u00e3o s\u00e3o necess\u00e1rios para os fins para que foram recolhidos).<\/li>\n<li>Direito a solicitar a limita\u00e7\u00e3o do seu tratamento, desde que se cumpra alguma das condi\u00e7\u00f5es estabelecidas na regulamenta\u00e7\u00e3o, caso em que apenas os conservaremos para o exerc\u00edcio ou defesa de reclama\u00e7\u00f5es.<\/li>\n<li>Direito de se opor ao tratamento dos seus dados, caso em que deixaremos de os tratar, exceto por raz\u00f5es leg\u00edtimas imperiosas, ou para o exerc\u00edcio ou defesa de eventuais reclama\u00e7\u00f5es.<\/li>\n<li>Direito \u00e0 portabilidade dos dados.<\/li>\n<li>Direito de revogar o consentimento para cada finalidade espec\u00edfica, sem que isso afecte a legalidade do tratamento baseado no consentimento anterior \u00e0 sua retirada.<\/li>\n<li>Direito de apresentar uma reclama\u00e7\u00e3o junto da Ag\u00eancia Espanhola de Prote\u00e7\u00e3o de Dados (autoridade de controlo competente em mat\u00e9ria de prote\u00e7\u00e3o de dados), especialmente quando n\u00e3o estiver satisfeito com o exerc\u00edcio dos seus direitos: Reclama\u00e7\u00e3o.<\/li>\n<\/ul>\n<p>Da mesma forma, e de acordo com as disposi\u00e7\u00f5es da Lei 34\/2002, de 11 de julho, sobre os Servi\u00e7os da Sociedade da Informa\u00e7\u00e3o e Com\u00e9rcio Eletr\u00f3nico, no caso de n\u00e3o desejar receber comunica\u00e7\u00f5es comerciais electr\u00f3nicas no futuro, pode expressar esse desejo enviando um e-mail para o seguinte endere\u00e7o de e-mail business@educa-edtech.com.<\/p>\n<\/div>\n<\/div>\n<div class=\"elementor-element elementor-element-65b3bc5 elementor-widget elementor-widget-heading\" data-id=\"65b3bc5\" data-element_type=\"widget\" data-widget_type=\"heading.default\">\n<div class=\"elementor-widget-container\">\n<h3 class=\"elementor-heading-title elementor-size-default\">10. Como pode exercer os seus direitos?<\/h3>\n<\/div>\n<\/div>\n<div class=\"elementor-element elementor-element-b975943 elementor-widget elementor-widget-text-editor\" data-id=\"b975943\" data-element_type=\"widget\" data-widget_type=\"text-editor.default\">\n<div class=\"elementor-widget-container\">\n<p>Dispomos de formul\u00e1rios para o exerc\u00edcio dos seus direitos que pode solicitar atrav\u00e9s do seguinte endere\u00e7o eletr\u00f3nico: business@educa-edtech.com.<\/p>\n<p>Estes formul\u00e1rios devem ser assinados eletronicamente ou acompanhados de uma fotoc\u00f3pia do documento de identifica\u00e7\u00e3o ou passaporte v\u00e1lido.<\/p>\n<p>Estes formul\u00e1rios podem ser entregues pessoalmente em Weteringschans 165 C, 1017 XD Amesterd\u00e3o.<\/p>\n<\/div>\n<\/div>\n<div class=\"elementor-element elementor-element-6ab7faa elementor-widget elementor-widget-heading\" data-id=\"6ab7faa\" data-element_type=\"widget\" data-widget_type=\"heading.default\">\n<div class=\"elementor-widget-container\">\n<h3 class=\"elementor-heading-title elementor-size-default\">11. Qual \u00e9 o prazo estabelecido para dar uma solu\u00e7\u00e3o ao exerc\u00edcio dos direitos?<\/h3>\n<\/div>\n<\/div>\n<div class=\"elementor-element elementor-element-1769d64 elementor-widget elementor-widget-text-editor\" data-id=\"1769d64\" data-element_type=\"widget\" data-widget_type=\"text-editor.default\">\n<div class=\"elementor-widget-container\">\n<p>Inform\u00e1-lo-emos sobre as ac\u00e7\u00f5es decorrentes do seu pedido no prazo de um m\u00eas, que pode ser prorrogado por mais dois meses no caso de pedidos particularmente complexos, e notific\u00e1-lo-emos dessa prorroga\u00e7\u00e3o no primeiro m\u00eas.<\/p>\n<p>Se o seu pedido n\u00e3o for aceite, ser\u00e1 devidamente informado; em caso afirmativo, dispor\u00e1 de um prazo de um m\u00eas a contar da sua apresenta\u00e7\u00e3o para apresentar as suas alega\u00e7\u00f5es.<\/p>\n<\/div>\n<\/div>\n<div class=\"elementor-element elementor-element-021f8ab elementor-widget elementor-widget-heading\" data-id=\"021f8ab\" data-element_type=\"widget\" data-widget_type=\"heading.default\">\n<div class=\"elementor-widget-container\">\n<h3 class=\"elementor-heading-title elementor-size-default\">12. Como \u00e9 que obtivemos os seus dados pessoais?<\/h3>\n<\/div>\n<\/div>\n<div class=\"elementor-element elementor-element-de85ed1 elementor-widget elementor-widget-text-editor\" data-id=\"de85ed1\" data-element_type=\"widget\" data-widget_type=\"text-editor.default\">\n<div class=\"elementor-widget-container\">\n<p>Ao preencher os formul\u00e1rios, assinalar a caixa \"Aceito a Pol\u00edtica de Privacidade\" e clicar para enviar os dados, ou ao enviar mensagens de correio eletr\u00f3nico para a Empresa atrav\u00e9s das contas habilitadas para o efeito, o Utilizador declara que leu e aceitou expressamente a presente Pol\u00edtica de Privacidade, e d\u00e1 o seu consentimento inequ\u00edvoco e expresso para o tratamento dos seus dados pessoais de acordo com as finalidades informadas.<\/p>\n<p>De acordo com as finalidades indicadas na sec\u00e7\u00e3o 2, as categorias de dados que ser\u00e3o tratadas s\u00e3o as seguintes:<\/p>\n<ul>\n<li>Dados de identifica\u00e7\u00e3o: nome e apelido(s), telefone e correio eletr\u00f3nico.<\/li>\n<\/ul>\n<\/div>\n<\/div>\n<div class=\"elementor-element elementor-element-3c0786a elementor-widget elementor-widget-heading\" data-id=\"3c0786a\" data-element_type=\"widget\" data-widget_type=\"heading.default\">\n<div class=\"elementor-widget-container\">\n<h3 class=\"elementor-heading-title elementor-size-default\">12.1 O que acontece se eu n\u00e3o fornecer nenhum dos meus dados?<\/h3>\n<\/div>\n<\/div>\n<div class=\"elementor-element elementor-element-9c0dfee elementor-widget elementor-widget-text-editor\" data-id=\"9c0dfee\" data-element_type=\"widget\" data-widget_type=\"text-editor.default\">\n<div class=\"elementor-widget-container\">\n<p>Os dados obrigat\u00f3rios ser\u00e3o distinguidos nos formul\u00e1rios de recolha de informa\u00e7\u00f5es. Se o Utilizador optar por n\u00e3o nos fornecer qualquer um destes dados obrigat\u00f3rios, n\u00e3o poderemos cumprir a finalidade pretendida e os dados n\u00e3o ser\u00e3o processados e o servi\u00e7o correspondente n\u00e3o ser\u00e1 prestado. No caso de ser criado um \"perfil comercial\" com base nas informa\u00e7\u00f5es fornecidas, n\u00e3o ser\u00e3o tomadas decis\u00f5es automatizadas com efeitos jur\u00eddicos para o Utilizador.<\/p>\n<p>O Utilizador garante que os Dados Pessoais por si fornecidos s\u00e3o verdadeiros e corretos, sendo respons\u00e1vel por nos informar de quaisquer altera\u00e7\u00f5es aos mesmos. No caso de os dados fornecidos pertencerem a um terceiro, o Utilizador garante que informou esse terceiro dos aspectos contidos no presente documento e obteve a sua autoriza\u00e7\u00e3o para fornecer os seus dados.<\/p>\n<\/div>\n<\/div>\n<div class=\"elementor-element elementor-element-8a38187 elementor-widget elementor-widget-heading\" data-id=\"8a38187\" data-element_type=\"widget\" data-widget_type=\"heading.default\">\n<div class=\"elementor-widget-container\">\n<h3 class=\"elementor-heading-title elementor-size-default\">13. Redes sociais<\/h3>\n<\/div>\n<\/div>\n<div class=\"elementor-element elementor-element-bada6d4 elementor-widget elementor-widget-text-editor\" data-id=\"bada6d4\" data-element_type=\"widget\" data-widget_type=\"text-editor.default\">\n<div class=\"elementor-widget-container\">\n<p>Os perfis nas redes sociais pertencentes \u00e0 EDUCA EDTECH n\u00e3o implicar\u00e3o um tratamento de dados para al\u00e9m do que a pr\u00f3pria rede social permite para os perfis empresariais. A Empresa poder\u00e1 utilizar estes perfis para informar os utilizadores de cada rede social subscrita no perfil da empresa sobre as suas actividades, eventos, semin\u00e1rios, ofertas, promo\u00e7\u00f5es ou not\u00edcias sobre os seus produtos ou servi\u00e7os, bem como para partilhar informa\u00e7\u00f5es de interesse sobre os temas habituais da empresa. A Empresa n\u00e3o extrair\u00e1 quaisquer dados diretamente da rede social.<\/p>\n<\/div>\n<\/div>\n<\/div>\n<\/div>\t\t\t\t\t\t<\/div>\n\t\t\t\t<\/div>\n\t\t\t\t\t<\/div>\n\t\t\t\t<\/div>\n\t\t\t\t<\/div>","protected":false},"excerpt":{"rendered":"<p>Pol\u00edtica de privacidade Acreditamos firmemente que o utilizador deve conhecer os dados que recolhemos sobre si e a forma como utilizamos [...]<\/p>","protected":false},"author":1,"featured_media":0,"parent":0,"menu_order":0,"comment_status":"closed","ping_status":"closed","template":"","meta":{"_acf_changed":false,"site-sidebar-layout":"no-sidebar","site-content-layout":"","ast-site-content-layout":"full-width-container","site-content-style":"default","site-sidebar-style":"default","ast-global-header-display":"","ast-banner-title-visibility":"","ast-main-header-display":"","ast-hfb-above-header-display":"","ast-hfb-below-header-display":"","ast-hfb-mobile-header-display":"","site-post-title":"disabled","ast-breadcrumbs-content":"","ast-featured-img":"disabled","footer-sml-layout":"","theme-transparent-header-meta":"","adv-header-id-meta":"","stick-header-meta":"","header-above-stick-meta":"","header-main-stick-meta":"","header-below-stick-meta":"","astra-migrate-meta-layouts":"default","ast-page-background-enabled":"default","ast-page-background-meta":{"desktop":{"background-color":"var(--ast-global-color-4)","background-image":"","background-repeat":"repeat","background-position":"center center","background-size":"auto","background-attachment":"scroll","background-type":"","background-media":"","overlay-type":"","overlay-color":"","overlay-opacity":"","overlay-gradient":""},"tablet":{"background-color":"","background-image":"","background-repeat":"repeat","background-position":"center center","background-size":"auto","background-attachment":"scroll","background-type":"","background-media":"","overlay-type":"","overlay-color":"","overlay-opacity":"","overlay-gradient":""},"mobile":{"background-color":"","background-image":"","background-repeat":"repeat","background-position":"center center","background-size":"auto","background-attachment":"scroll","background-type":"","background-media":"","overlay-type":"","overlay-color":"","overlay-opacity":"","overlay-gradient":""}},"ast-content-background-meta":{"desktop":{"background-color":"var(--ast-global-color-5)","background-image":"","background-repeat":"repeat","background-position":"center center","background-size":"auto","background-attachment":"scroll","background-type":"","background-media":"","overlay-type":"","overlay-color":"","overlay-opacity":"","overlay-gradient":""},"tablet":{"background-color":"var(--ast-global-color-5)","background-image":"","background-repeat":"repeat","background-position":"center center","background-size":"auto","background-attachment":"scroll","background-type":"","background-media":"","overlay-type":"","overlay-color":"","overlay-opacity":"","overlay-gradient":""},"mobile":{"background-color":"var(--ast-global-color-5)","background-image":"","background-repeat":"repeat","background-position":"center center","background-size":"auto","background-attachment":"scroll","background-type":"","background-media":"","overlay-type":"","overlay-color":"","overlay-opacity":"","overlay-gradient":""}},"footnotes":""},"class_list":["post-1359","page","type-page","status-publish","hentry"],"acf":[],"yoast_head":"<!-- This site is optimized with the Yoast SEO plugin v23.4 - https:\/\/yoast.com\/wordpress\/plugins\/seo\/ -->\n<title>Pol\u00edtica de privacidad - Grupo EDUCA EDTECH<\/title>\n<meta name=\"robots\" content=\"index, follow, max-snippet:-1, max-image-preview:large, max-video-preview:-1\" \/>\n<link rel=\"canonical\" href=\"https:\/\/educaedtech.com\/pt\/politica-de-privacidade\/\" \/>\n<meta property=\"og:locale\" content=\"pt_PT\" \/>\n<meta property=\"og:type\" content=\"article\" \/>\n<meta property=\"og:title\" content=\"Pol\u00edtica de privacidad - Grupo EDUCA EDTECH\" \/>\n<meta property=\"og:description\" content=\"Privacy Policy We firmly believe that you should know the data we collect about you and how do we use [&hellip;]\" \/>\n<meta property=\"og:url\" content=\"https:\/\/educaedtech.com\/pt\/politica-de-privacidade\/\" \/>\n<meta property=\"og:site_name\" content=\"Grupo EDUCA EDTECH\" \/>\n<meta property=\"article:modified_time\" content=\"2024-01-19T10:47:22+00:00\" \/>\n<meta name=\"twitter:card\" content=\"summary_large_image\" \/>\n<meta name=\"twitter:label1\" content=\"Tempo estimado de leitura\" \/>\n\t<meta name=\"twitter:data1\" content=\"13 minutos\" \/>\n<script type=\"application\/ld+json\" class=\"yoast-schema-graph\">{\"@context\":\"https:\/\/schema.org\",\"@graph\":[{\"@type\":\"WebPage\",\"@id\":\"https:\/\/educaedtech.com\/pt\/politica-de-privacidade\/\",\"url\":\"https:\/\/educaedtech.com\/pt\/politica-de-privacidade\/\",\"name\":\"Pol\u00edtica de privacidad - Grupo EDUCA EDTECH\",\"isPartOf\":{\"@id\":\"https:\/\/educaedtech.com\/pt\/#website\"},\"datePublished\":\"2024-01-19T10:46:33+00:00\",\"dateModified\":\"2024-01-19T10:47:22+00:00\",\"breadcrumb\":{\"@id\":\"https:\/\/educaedtech.com\/pt\/politica-de-privacidade\/#breadcrumb\"},\"inLanguage\":\"pt-PT\",\"potentialAction\":[{\"@type\":\"ReadAction\",\"target\":[\"https:\/\/educaedtech.com\/pt\/politica-de-privacidade\/\"]}]},{\"@type\":\"BreadcrumbList\",\"@id\":\"https:\/\/educaedtech.com\/pt\/politica-de-privacidade\/#breadcrumb\",\"itemListElement\":[{\"@type\":\"ListItem\",\"position\":1,\"name\":\"Home\",\"item\":\"https:\/\/educaedtech.com\/\"},{\"@type\":\"ListItem\",\"position\":2,\"name\":\"Pol\u00edtica de privacidad\"}]},{\"@type\":\"WebSite\",\"@id\":\"https:\/\/educaedtech.com\/pt\/#website\",\"url\":\"https:\/\/educaedtech.com\/pt\/\",\"name\":\"Grupo EDUCA EDTECH\",\"description\":\"\",\"publisher\":{\"@id\":\"https:\/\/educaedtech.com\/pt\/#organization\"},\"potentialAction\":[{\"@type\":\"SearchAction\",\"target\":{\"@type\":\"EntryPoint\",\"urlTemplate\":\"https:\/\/educaedtech.com\/pt\/?s={search_term_string}\"},\"query-input\":{\"@type\":\"PropertyValueSpecification\",\"valueRequired\":true,\"valueName\":\"search_term_string\"}}],\"inLanguage\":\"pt-PT\"},{\"@type\":\"Organization\",\"@id\":\"https:\/\/educaedtech.com\/pt\/#organization\",\"name\":\"Grupo EDUCA EDTECH\",\"url\":\"https:\/\/educaedtech.com\/pt\/\",\"logo\":{\"@type\":\"ImageObject\",\"inLanguage\":\"pt-PT\",\"@id\":\"https:\/\/educaedtech.com\/pt\/#\/schema\/logo\/image\/\",\"url\":\"https:\/\/educaedtech.com\/wp-content\/uploads\/2024\/01\/Logo-Educa-Edtech-Group-Blanco.svg\",\"contentUrl\":\"https:\/\/educaedtech.com\/wp-content\/uploads\/2024\/01\/Logo-Educa-Edtech-Group-Blanco.svg\",\"width\":317,\"height\":108,\"caption\":\"Grupo EDUCA EDTECH\"},\"image\":{\"@id\":\"https:\/\/educaedtech.com\/pt\/#\/schema\/logo\/image\/\"}}]}<\/script>\n<!-- \/ Yoast SEO plugin. -->","yoast_head_json":{"title":"Pol\u00edtica de privacidad - Grupo EDUCA EDTECH","robots":{"index":"index","follow":"follow","max-snippet":"max-snippet:-1","max-image-preview":"max-image-preview:large","max-video-preview":"max-video-preview:-1"},"canonical":"https:\/\/educaedtech.com\/pt\/politica-de-privacidade\/","og_locale":"pt_PT","og_type":"article","og_title":"Pol\u00edtica de privacidad - Grupo EDUCA EDTECH","og_description":"Privacy Policy We firmly believe that you should know the data we collect about you and how do we use [&hellip;]","og_url":"https:\/\/educaedtech.com\/pt\/politica-de-privacidade\/","og_site_name":"Grupo EDUCA EDTECH","article_modified_time":"2024-01-19T10:47:22+00:00","twitter_card":"summary_large_image","twitter_misc":{"Tempo estimado de leitura":"13 minutos"},"schema":{"@context":"https:\/\/schema.org","@graph":[{"@type":"WebPage","@id":"https:\/\/educaedtech.com\/pt\/politica-de-privacidade\/","url":"https:\/\/educaedtech.com\/pt\/politica-de-privacidade\/","name":"Pol\u00edtica de privacidad - Grupo EDUCA EDTECH","isPartOf":{"@id":"https:\/\/educaedtech.com\/pt\/#website"},"datePublished":"2024-01-19T10:46:33+00:00","dateModified":"2024-01-19T10:47:22+00:00","breadcrumb":{"@id":"https:\/\/educaedtech.com\/pt\/politica-de-privacidade\/#breadcrumb"},"inLanguage":"pt-PT","potentialAction":[{"@type":"ReadAction","target":["https:\/\/educaedtech.com\/pt\/politica-de-privacidade\/"]}]},{"@type":"BreadcrumbList","@id":"https:\/\/educaedtech.com\/pt\/politica-de-privacidade\/#breadcrumb","itemListElement":[{"@type":"ListItem","position":1,"name":"Home","item":"https:\/\/educaedtech.com\/"},{"@type":"ListItem","position":2,"name":"Pol\u00edtica de privacidad"}]},{"@type":"WebSite","@id":"https:\/\/educaedtech.com\/pt\/#website","url":"https:\/\/educaedtech.com\/pt\/","name":"Grupo EDUCA EDTECH","description":"","publisher":{"@id":"https:\/\/educaedtech.com\/pt\/#organization"},"potentialAction":[{"@type":"SearchAction","target":{"@type":"EntryPoint","urlTemplate":"https:\/\/educaedtech.com\/pt\/?s={search_term_string}"},"query-input":{"@type":"PropertyValueSpecification","valueRequired":true,"valueName":"search_term_string"}}],"inLanguage":"pt-PT"},{"@type":"Organization","@id":"https:\/\/educaedtech.com\/pt\/#organization","name":"Grupo EDUCA EDTECH","url":"https:\/\/educaedtech.com\/pt\/","logo":{"@type":"ImageObject","inLanguage":"pt-PT","@id":"https:\/\/educaedtech.com\/pt\/#\/schema\/logo\/image\/","url":"https:\/\/educaedtech.com\/wp-content\/uploads\/2024\/01\/Logo-Educa-Edtech-Group-Blanco.svg","contentUrl":"https:\/\/educaedtech.com\/wp-content\/uploads\/2024\/01\/Logo-Educa-Edtech-Group-Blanco.svg","width":317,"height":108,"caption":"Grupo EDUCA EDTECH"},"image":{"@id":"https:\/\/educaedtech.com\/pt\/#\/schema\/logo\/image\/"}}]}},"_links":{"self":[{"href":"https:\/\/educaedtech.com\/pt\/wp-json\/wp\/v2\/pages\/1359","targetHints":{"allow":["GET"]}}],"collection":[{"href":"https:\/\/educaedtech.com\/pt\/wp-json\/wp\/v2\/pages"}],"about":[{"href":"https:\/\/educaedtech.com\/pt\/wp-json\/wp\/v2\/types\/page"}],"author":[{"embeddable":true,"href":"https:\/\/educaedtech.com\/pt\/wp-json\/wp\/v2\/users\/1"}],"replies":[{"embeddable":true,"href":"https:\/\/educaedtech.com\/pt\/wp-json\/wp\/v2\/comments?post=1359"}],"version-history":[{"count":4,"href":"https:\/\/educaedtech.com\/pt\/wp-json\/wp\/v2\/pages\/1359\/revisions"}],"predecessor-version":[{"id":1363,"href":"https:\/\/educaedtech.com\/pt\/wp-json\/wp\/v2\/pages\/1359\/revisions\/1363"}],"wp:attachment":[{"href":"https:\/\/educaedtech.com\/pt\/wp-json\/wp\/v2\/media?parent=1359"}],"curies":[{"name":"wp","href":"https:\/\/api.w.org\/{rel}","templated":true}]}}